{"id":25020,"date":"2025-07-22T10:13:00","date_gmt":"2025-07-22T08:13:00","guid":{"rendered":"https:\/\/fecc.ee\/?page_id=25020"},"modified":"2026-04-18T18:12:40","modified_gmt":"2026-04-18T16:12:40","slug":"liikmelisuse-eelised","status":"publish","type":"page","link":"https:\/\/fecc.ee\/fi\/liikmelisuse-eelised\/","title":{"rendered":"J\u00c4SENYYDEN EDUT"},"content":{"rendered":"<div data-elementor-type=\"wp-page\" data-elementor-id=\"25020\" class=\"elementor elementor-25020\" data-elementor-post-type=\"page\">\n\t\t\t\t\t\t<div class=\"elementor-element elementor-element-280de0b e-con e-atomic-element e-flexbox-base padding-0\" data-id=\"280de0b\" data-element_type=\"e-flexbox\" data-e-type=\"e-flexbox\" data-interaction-id=\"280de0b\">\n\t\t\t\t\t\t\t<div class=\"elementor-element elementor-element-00ybshw e-con e-atomic-element e-flexbox-base e-8de1965-3980a32\" data-id=\"00ybshw\" data-element_type=\"e-flexbox\" data-e-type=\"e-flexbox\" data-interaction-id=\"8de1965\">\n\t\t\t\t\t\t\t\n\t\t<img class=\"e-image-base e-dd60740-02e4c81\" \n\t\t\t\t\tdata-interaction-id=\"dd60740\" \n\t\t \n\t\t \n\t\t\t\t\t\t\t\t\tid=\"10349\"\n\t\t\t\t\t\t\t\t\t\t\t\tsrc=\"https:\/\/fecc.ee\/wp-content\/uploads\/2023\/09\/flags-finland-estonia-flagpoles-sides-flags-blue-background-place-text-finnish-helsinki-estonian-3d-illustration-min-scaled.jpg\"\n\t\t\t\t\t\t\t\t\t\t\t\twidth=\"2560\"\n\t\t\t\t\t\t\t\t\t\t\t\theight=\"1067\"\n\t\t\t\t\t\t\t\t\t\t\t\tsrcset=\"https:\/\/fecc.ee\/wp-content\/uploads\/2023\/09\/flags-finland-estonia-flagpoles-sides-flags-blue-background-place-text-finnish-helsinki-estonian-3d-illustration-min-scaled.jpg 2560w, https:\/\/fecc.ee\/wp-content\/uploads\/2023\/09\/flags-finland-estonia-flagpoles-sides-flags-blue-background-place-text-finnish-helsinki-estonian-3d-illustration-min-300x125.jpg 300w, https:\/\/fecc.ee\/wp-content\/uploads\/2023\/09\/flags-finland-estonia-flagpoles-sides-flags-blue-background-place-text-finnish-helsinki-estonian-3d-illustration-min-1024x427.jpg 1024w, https:\/\/fecc.ee\/wp-content\/uploads\/2023\/09\/flags-finland-estonia-flagpoles-sides-flags-blue-background-place-text-finnish-helsinki-estonian-3d-illustration-min-768x320.jpg 768w, https:\/\/fecc.ee\/wp-content\/uploads\/2023\/09\/flags-finland-estonia-flagpoles-sides-flags-blue-background-place-text-finnish-helsinki-estonian-3d-illustration-min-1536x640.jpg 1536w, https:\/\/fecc.ee\/wp-content\/uploads\/2023\/09\/flags-finland-estonia-flagpoles-sides-flags-blue-background-place-text-finnish-helsinki-estonian-3d-illustration-min-2048x853.jpg 2048w, https:\/\/fecc.ee\/wp-content\/uploads\/2023\/09\/flags-finland-estonia-flagpoles-sides-flags-blue-background-place-text-finnish-helsinki-estonian-3d-illustration-min-18x8.jpg 18w, https:\/\/fecc.ee\/wp-content\/uploads\/2023\/09\/flags-finland-estonia-flagpoles-sides-flags-blue-background-place-text-finnish-helsinki-estonian-3d-illustration-min-1080x450.jpg 1080w, https:\/\/fecc.ee\/wp-content\/uploads\/2023\/09\/flags-finland-estonia-flagpoles-sides-flags-blue-background-place-text-finnish-helsinki-estonian-3d-illustration-min-1280x534.jpg 1280w, https:\/\/fecc.ee\/wp-content\/uploads\/2023\/09\/flags-finland-estonia-flagpoles-sides-flags-blue-background-place-text-finnish-helsinki-estonian-3d-illustration-min-980x408.jpg 980w, https:\/\/fecc.ee\/wp-content\/uploads\/2023\/09\/flags-finland-estonia-flagpoles-sides-flags-blue-background-place-text-finnish-helsinki-estonian-3d-illustration-min-480x200.jpg 480w, https:\/\/fecc.ee\/wp-content\/uploads\/2023\/09\/flags-finland-estonia-flagpoles-sides-flags-blue-background-place-text-finnish-helsinki-estonian-3d-illustration-min-500x208.jpg 500w\"\n\t\t\t\t\t\t\t\t\t\t\t\talt=\"\"\n\t\t\t\t\t\t\/>\n\t\t\t\t\t\t<div class=\"e-e6e2b21-a26f132 e-svg-base\" data-interaction-id=\"e6e2b21\"><svg xmlns=\"http:\/\/www.w3.org\/2000\/svg\" fill=\"currentColor\" style=\"width: 100%; height: 100%; overflow: unset;\" viewbox=\"0 0 1000 100\" preserveaspectratio=\"none\"><path class=\"elementor-shape-fill\" d=\"M0,6V0h1000v100L0,6z\"><\/path><\/svg><\/div>\t\t\t\t<div class=\"elementor-element elementor-element-06p5e9l e-con e-atomic-element e-div-block-base e-be2b4de-e40676f\" data-id=\"06p5e9l\" data-element_type=\"e-div-block\" data-e-type=\"e-div-block\" data-interaction-id=\"be2b4de\">\n\t\t\t\t<\/div>\n\t\t\t\t<div class=\"elementor-element elementor-element-14v9oua e-con e-atomic-element e-div-block-base e-9de6564-0606280 max-width padding-0\" data-id=\"14v9oua\" data-element_type=\"e-div-block\" data-e-type=\"e-div-block\" data-interaction-id=\"9de6564\">\n\t\t\t\t\t\t\t<h1 \n\t\tdata-interaction-id=\"bb6a6b7\" \n\t\tclass=\"title-size-1 e-heading-base\" \n\t\t \n\t\t\n\t>\n\t\n\t\t\tJ\u00c4SENYYDEN EDUT\n\t\t<\/h1>\n\t\t\t\t\t\n<hr class=\"divider-white e-850bc71-45e81af e-divider-base\" data-interaction-id=\"850bc71\"   \/>\n\t\t\t\t<\/div>\n\t\t\t\t<\/div>\n\t\t\n\t\t\t\t<\/div>\n\t\t\t\t<div class=\"elementor-element elementor-element-dcb0f41 e-con e-atomic-element e-flexbox-base max-width flex-center section-padding-bottom e-dcb0f41-0bb6a58\" data-id=\"dcb0f41\" data-element_type=\"e-flexbox\" data-e-type=\"e-flexbox\" data-interaction-id=\"dcb0f41\">\n\t\t\t\t\t\t\t\t<p class=\"default-text e-paragraph-base\" data-interaction-id=\"6dc01fe\"  >\n\t\t\t\t\t\t\t\tFECC tarjoaa j\u00e4senilleen monipuolista tukea ja konkreettisia etuja, joiden tavoitteena on edist\u00e4\u00e4 liiketoimintaa, vahvistaa verkostoja ja avata ovia uusiin mahdollisuuksiin. J\u00e4senyys kauppakamarissa tarkoittaa kuulumista aktiiviseen suomalais-virolaiseen liike-el\u00e4m\u00e4n yhteis\u00f6\u00f6n, jossa jaetaan tietoa, kokemuksia ja kontakteja. Se on ennen kaikkea mahdollisuus rakentaa suhteita, jotka tukevat yrityksen kasvua ja kansainv\u00e4listymist\u00e4.<br><br>Kauppakamarin vuosittainen j\u00e4senmaksu on 650 EUR, ja se kattaa useita arvokkaita etuja j\u00e4senyrityksille. J\u00e4senyritysten edustajille tarjotaan maksuton osallistumisoikeus kahdelle henkil\u00f6lle kaikkiin FECC:n virallisiin vuositapahtumiin. N\u00e4m\u00e4 tapahtumat tarjoavat loistavia mahdollisuuksia verkostoitumiseen, avaten ovia rennoille vapaa-ajan kausitilaisuuksille sek\u00e4 kamarin j\u00e4rjest\u00e4miin seminaareihin. Lis\u00e4ksi j\u00e4senfirmat saavat omakustannehintaisia lis\u00e4osallistujien lippuja n\u00e4ihin arvokkaisiin tapahtumiin.<br><br>FECC:n j\u00e4senyys avaa ovia kansainv\u00e4liseen liiketoimintayhteis\u00f6\u00f6n. J\u00e4rjest\u00e4mme s\u00e4\u00e4nn\u00f6llisesti tapahtumia ja seminaareja yhteisty\u00f6ss\u00e4 muiden ulkomaisten kauppakamarien kanssa tarjoten j\u00e4senille ainutlaatuisia mahdollisuuksia verkostoitua, vaihtaa kokemuksia ja syvent\u00e4\u00e4 ymm\u00e4rryst\u00e4 eri liiketoimintakulttuureista. Lis\u00e4ksi j\u00e4rjest\u00e4mme vuosittain 3\u20134 yritysvierailua, joissa j\u00e4senet p\u00e4\u00e4sev\u00e4t tutustumaan toistensa toimintaan ja jakamaan parhaita k\u00e4yt\u00e4nt\u00f6j\u00e4. Vierailujen sis\u00e4lt\u00f6 perustuu j\u00e4senten kiinnostuksen kohteisiin ja ajankohtaisiin tarpeisiin.<br><br>FECC tukee my\u00f6s j\u00e4sentens\u00e4 markkinointia tarjoamalla maksuttoman n\u00e4kyvyyden kotisivujen \u201dJ\u00e4senelt\u00e4 j\u00e4senille\u201d -sivun kautta. T\u00e4m\u00e4 kanava on tehokas tapa tavoittaa suoraan muita j\u00e4senyrityksi\u00e4 ja tuoda esiin omia tuotteita tai palveluita oikealle kohderyhm\u00e4lle. J\u00e4senet saavat my\u00f6s kampanja-alennuksia ja pysyvi\u00e4 j\u00e4senetuja, jotka liittyv\u00e4t FECC:iin kuuluvien yritysten tuotteisiin ja palveluihin.<br><br>Kun n\u00e4m\u00e4 j\u00e4senedut yhdistet\u00e4\u00e4n FECC:n laajempaan toimintaan, kuten yhteisty\u00f6h\u00f6n julkisen ja yksityisen sektorin kanssa, uusien liiketoimintamahdollisuuksien edist\u00e4miseen ja aktiiviseen verkostojen rakentamiseen, syntyy kokonaisuus, joka tarjoaa j\u00e4senille vahvan ja arvoa tuottavan tukiverkoston. T\u00e4m\u00e4 auttaa yrityksi\u00e4 kasvamaan, sopeutumaan ja menestym\u00e4\u00e4n muuttuvassa talousymp\u00e4rist\u00f6ss\u00e4. FECC:n j\u00e4senyys onkin strateginen valinta, joka tarjoaa konkreettisia hy\u00f6tyj\u00e4 sek\u00e4 lyhyell\u00e4 ett\u00e4 pitk\u00e4ll\u00e4 aikav\u00e4lill\u00e4.\n\t\t\t\t\t<\/p>\n\t\t\t\t\t    \t            <a\n            href=\"\/fi\/members\/\" target=\"_self\"\n            class=\"primary-button e-button-base\"\n            data-interaction-id=\"ca7d865\"\n             \n        >\n            Liity j\u00e4seneksi jo t\u00e4n\u00e4\u00e4n\n        <\/a>\n    \t\t\t\t\t\t\t\n\t\t<img class=\"e-image-base e-a0f1327-6d3d32c\" \n\t\t\t\t\tdata-interaction-id=\"a0f1327\" \n\t\t \n\t\t \n\t\t\t\t\t\t\t\t\tid=\"24820\"\n\t\t\t\t\t\t\t\t\t\t\t\tsrc=\"https:\/\/fecc.ee\/wp-content\/uploads\/2025\/06\/AS20250613FECC_354-scaled.jpg\"\n\t\t\t\t\t\t\t\t\t\t\t\twidth=\"2560\"\n\t\t\t\t\t\t\t\t\t\t\t\theight=\"1707\"\n\t\t\t\t\t\t\t\t\t\t\t\tsrcset=\"https:\/\/fecc.ee\/wp-content\/uploads\/2025\/06\/AS20250613FECC_354-scaled.jpg 2560w, https:\/\/fecc.ee\/wp-content\/uploads\/2025\/06\/AS20250613FECC_354-300x200.jpg 300w, https:\/\/fecc.ee\/wp-content\/uploads\/2025\/06\/AS20250613FECC_354-1024x683.jpg 1024w, https:\/\/fecc.ee\/wp-content\/uploads\/2025\/06\/AS20250613FECC_354-768x512.jpg 768w, https:\/\/fecc.ee\/wp-content\/uploads\/2025\/06\/AS20250613FECC_354-1536x1024.jpg 1536w, https:\/\/fecc.ee\/wp-content\/uploads\/2025\/06\/AS20250613FECC_354-2048x1365.jpg 2048w, https:\/\/fecc.ee\/wp-content\/uploads\/2025\/06\/AS20250613FECC_354-18x12.jpg 18w, https:\/\/fecc.ee\/wp-content\/uploads\/2025\/06\/AS20250613FECC_354-1080x720.jpg 1080w, https:\/\/fecc.ee\/wp-content\/uploads\/2025\/06\/AS20250613FECC_354-1280x854.jpg 1280w, https:\/\/fecc.ee\/wp-content\/uploads\/2025\/06\/AS20250613FECC_354-980x653.jpg 980w, https:\/\/fecc.ee\/wp-content\/uploads\/2025\/06\/AS20250613FECC_354-480x320.jpg 480w, https:\/\/fecc.ee\/wp-content\/uploads\/2025\/06\/AS20250613FECC_354-500x333.jpg 500w\"\n\t\t\t\t\t\t\t\t\t\t\t\talt=\"\"\n\t\t\t\t\t\t\/>\n\t\t\t\t\t<\/div>\n\t\t\t\t<\/div>","protected":false},"excerpt":{"rendered":"<p>SOOME-EESTIKAUBANDUSKODA FECC pakub oma liikmetele mitmek\u00fclgset tuge ja h\u00fcvesid, mille eesm\u00e4rk on edendada nende \u00e4ritegevust ning pakkuda platvormi suhtlemiseks ja uute \u00e4riv\u00f5imaluste leidmiseks. FECCi liikmeks olemine pole mitte ainult investeering organisatsiooni tegevusse, vaid see toob kaasa ka konkreetsed eelised, mis on olulised nii suhete loomise kui ka \u00e4ritegevuse arendamise seisukohast. Kauppakamari aastane liikmemaks on 650 [&hellip;]<\/p>\n","protected":false},"author":3,"featured_media":0,"parent":0,"menu_order":0,"comment_status":"closed","ping_status":"closed","template":"","meta":{"_acf_changed":false,"footnotes":""},"class_list":["post-25020","page","type-page","status-publish","hentry"],"acf":[],"yoast_head":"<!-- This site is optimized with the Yoast SEO plugin v27.4 - https:\/\/yoast.com\/product\/yoast-seo-wordpress\/ -->\n<title>Liikmelisuse eelised | Soome-Eesti Kaubanduskoda<\/title>\n<meta name=\"robots\" content=\"index, follow, max-snippet:-1, max-image-preview:large, max-video-preview:-1\" \/>\n<link rel=\"canonical\" href=\"https:\/\/fecc.ee\/fi\/liikmelisuse-eelised\/\" \/>\n<meta property=\"og:locale\" content=\"fi_FI\" \/>\n<meta property=\"og:type\" content=\"article\" \/>\n<meta property=\"og:title\" content=\"Liikmelisuse eelised | Soome-Eesti Kaubanduskoda\" \/>\n<meta property=\"og:description\" content=\"SOOME-EESTIKAUBANDUSKODA FECC pakub oma liikmetele mitmek\u00fclgset tuge ja h\u00fcvesid, mille eesm\u00e4rk on edendada nende \u00e4ritegevust ning pakkuda platvormi suhtlemiseks ja uute \u00e4riv\u00f5imaluste leidmiseks. FECCi liikmeks olemine pole mitte ainult investeering organisatsiooni tegevusse, vaid see toob kaasa ka konkreetsed eelised, mis on olulised nii suhete loomise kui ka \u00e4ritegevuse arendamise seisukohast. Kauppakamari aastane liikmemaks on 650 [&hellip;]\" \/>\n<meta property=\"og:url\" content=\"https:\/\/fecc.ee\/fi\/liikmelisuse-eelised\/\" \/>\n<meta property=\"og:site_name\" content=\"Soome-Eesti Kaubanduskoda\" \/>\n<meta property=\"article:publisher\" content=\"https:\/\/www.facebook.com\/fecc.soomeeesti\/\" \/>\n<meta property=\"article:modified_time\" content=\"2026-04-18T16:12:40+00:00\" \/>\n<meta property=\"og:image\" content=\"https:\/\/fecc.ee\/wp-content\/uploads\/2026\/03\/web22-optimized.jpg\" \/>\n<meta name=\"twitter:card\" content=\"summary_large_image\" \/>\n<meta name=\"twitter:label1\" content=\"Arvioitu lukuaika\" \/>\n\t<meta name=\"twitter:data1\" content=\"1 minuutti\" \/>\n<script type=\"application\/ld+json\" class=\"yoast-schema-graph\">{\"@context\":\"https:\\\/\\\/schema.org\",\"@graph\":[{\"@type\":\"WebPage\",\"@id\":\"https:\\\/\\\/fecc.ee\\\/liikmelisuse-eelised\\\/\",\"url\":\"https:\\\/\\\/fecc.ee\\\/liikmelisuse-eelised\\\/\",\"name\":\"Liikmelisuse eelised | Soome-Eesti Kaubanduskoda\",\"isPartOf\":{\"@id\":\"https:\\\/\\\/fecc.ee\\\/#website\"},\"primaryImageOfPage\":{\"@id\":\"https:\\\/\\\/fecc.ee\\\/liikmelisuse-eelised\\\/#primaryimage\"},\"image\":{\"@id\":\"https:\\\/\\\/fecc.ee\\\/liikmelisuse-eelised\\\/#primaryimage\"},\"thumbnailUrl\":\"https:\\\/\\\/fecc.ee\\\/wp-content\\\/uploads\\\/2026\\\/03\\\/web22-optimized.jpg\",\"datePublished\":\"2025-07-22T08:13:00+00:00\",\"dateModified\":\"2026-04-18T16:12:40+00:00\",\"breadcrumb\":{\"@id\":\"https:\\\/\\\/fecc.ee\\\/liikmelisuse-eelised\\\/#breadcrumb\"},\"inLanguage\":\"fi\",\"potentialAction\":[{\"@type\":\"ReadAction\",\"target\":[\"https:\\\/\\\/fecc.ee\\\/liikmelisuse-eelised\\\/\"]}]},{\"@type\":\"ImageObject\",\"inLanguage\":\"fi\",\"@id\":\"https:\\\/\\\/fecc.ee\\\/liikmelisuse-eelised\\\/#primaryimage\",\"url\":\"https:\\\/\\\/fecc.ee\\\/wp-content\\\/uploads\\\/2026\\\/03\\\/web22-optimized.jpg\",\"contentUrl\":\"https:\\\/\\\/fecc.ee\\\/wp-content\\\/uploads\\\/2026\\\/03\\\/web22-optimized.jpg\"},{\"@type\":\"BreadcrumbList\",\"@id\":\"https:\\\/\\\/fecc.ee\\\/liikmelisuse-eelised\\\/#breadcrumb\",\"itemListElement\":[{\"@type\":\"ListItem\",\"position\":1,\"name\":\"Home\",\"item\":\"https:\\\/\\\/fecc.ee\\\/\"},{\"@type\":\"ListItem\",\"position\":2,\"name\":\"Liikmelisuse eelised\"}]},{\"@type\":\"WebSite\",\"@id\":\"https:\\\/\\\/fecc.ee\\\/#website\",\"url\":\"https:\\\/\\\/fecc.ee\\\/\",\"name\":\"Soome-Eesti Kaubanduskoda\",\"description\":\"Tere tulemast Soome-Eesti kaubanduskoja kodulehek\u00fcljele. Oleme suurim rahvusvaheline kaubanduskoda Eestis.\",\"publisher\":{\"@id\":\"https:\\\/\\\/fecc.ee\\\/#organization\"},\"potentialAction\":[{\"@type\":\"SearchAction\",\"target\":{\"@type\":\"EntryPoint\",\"urlTemplate\":\"https:\\\/\\\/fecc.ee\\\/?s={search_term_string}\"},\"query-input\":{\"@type\":\"PropertyValueSpecification\",\"valueRequired\":true,\"valueName\":\"search_term_string\"}}],\"inLanguage\":\"fi\"},{\"@type\":\"Organization\",\"@id\":\"https:\\\/\\\/fecc.ee\\\/#organization\",\"name\":\"Soome-Eesti Kaubanduskoda\",\"url\":\"https:\\\/\\\/fecc.ee\\\/\",\"logo\":{\"@type\":\"ImageObject\",\"inLanguage\":\"fi\",\"@id\":\"https:\\\/\\\/fecc.ee\\\/#\\\/schema\\\/logo\\\/image\\\/\",\"url\":\"https:\\\/\\\/fecc.ee\\\/wp-content\\\/uploads\\\/2025\\\/06\\\/FECC_Logo-1.png\",\"contentUrl\":\"https:\\\/\\\/fecc.ee\\\/wp-content\\\/uploads\\\/2025\\\/06\\\/FECC_Logo-1.png\",\"width\":944,\"height\":292,\"caption\":\"Soome-Eesti Kaubanduskoda\"},\"image\":{\"@id\":\"https:\\\/\\\/fecc.ee\\\/#\\\/schema\\\/logo\\\/image\\\/\"},\"sameAs\":[\"https:\\\/\\\/www.facebook.com\\\/fecc.soomeeesti\\\/\",\"https:\\\/\\\/www.linkedin.com\\\/company\\\/fecc-finnish-estonian-chamber-of-commerce\\\/\"]}]}<\/script>\n<!-- \/ Yoast SEO plugin. -->","yoast_head_json":{"title":"Liikmelisuse eelised | Soome-Eesti Kaubanduskoda","robots":{"index":"index","follow":"follow","max-snippet":"max-snippet:-1","max-image-preview":"max-image-preview:large","max-video-preview":"max-video-preview:-1"},"canonical":"https:\/\/fecc.ee\/fi\/liikmelisuse-eelised\/","og_locale":"fi_FI","og_type":"article","og_title":"Liikmelisuse eelised | Soome-Eesti Kaubanduskoda","og_description":"SOOME-EESTIKAUBANDUSKODA FECC pakub oma liikmetele mitmek\u00fclgset tuge ja h\u00fcvesid, mille eesm\u00e4rk on edendada nende \u00e4ritegevust ning pakkuda platvormi suhtlemiseks ja uute \u00e4riv\u00f5imaluste leidmiseks. FECCi liikmeks olemine pole mitte ainult investeering organisatsiooni tegevusse, vaid see toob kaasa ka konkreetsed eelised, mis on olulised nii suhete loomise kui ka \u00e4ritegevuse arendamise seisukohast. Kauppakamari aastane liikmemaks on 650 [&hellip;]","og_url":"https:\/\/fecc.ee\/fi\/liikmelisuse-eelised\/","og_site_name":"Soome-Eesti Kaubanduskoda","article_publisher":"https:\/\/www.facebook.com\/fecc.soomeeesti\/","article_modified_time":"2026-04-18T16:12:40+00:00","og_image":[{"url":"https:\/\/fecc.ee\/wp-content\/uploads\/2026\/03\/web22-optimized.jpg","type":"","width":"","height":""}],"twitter_card":"summary_large_image","twitter_misc":{"Arvioitu lukuaika":"1 minuutti"},"schema":{"@context":"https:\/\/schema.org","@graph":[{"@type":"WebPage","@id":"https:\/\/fecc.ee\/liikmelisuse-eelised\/","url":"https:\/\/fecc.ee\/liikmelisuse-eelised\/","name":"Liikmelisuse eelised | Soome-Eesti Kaubanduskoda","isPartOf":{"@id":"https:\/\/fecc.ee\/#website"},"primaryImageOfPage":{"@id":"https:\/\/fecc.ee\/liikmelisuse-eelised\/#primaryimage"},"image":{"@id":"https:\/\/fecc.ee\/liikmelisuse-eelised\/#primaryimage"},"thumbnailUrl":"https:\/\/fecc.ee\/wp-content\/uploads\/2026\/03\/web22-optimized.jpg","datePublished":"2025-07-22T08:13:00+00:00","dateModified":"2026-04-18T16:12:40+00:00","breadcrumb":{"@id":"https:\/\/fecc.ee\/liikmelisuse-eelised\/#breadcrumb"},"inLanguage":"fi","potentialAction":[{"@type":"ReadAction","target":["https:\/\/fecc.ee\/liikmelisuse-eelised\/"]}]},{"@type":"ImageObject","inLanguage":"fi","@id":"https:\/\/fecc.ee\/liikmelisuse-eelised\/#primaryimage","url":"https:\/\/fecc.ee\/wp-content\/uploads\/2026\/03\/web22-optimized.jpg","contentUrl":"https:\/\/fecc.ee\/wp-content\/uploads\/2026\/03\/web22-optimized.jpg"},{"@type":"BreadcrumbList","@id":"https:\/\/fecc.ee\/liikmelisuse-eelised\/#breadcrumb","itemListElement":[{"@type":"ListItem","position":1,"name":"Home","item":"https:\/\/fecc.ee\/"},{"@type":"ListItem","position":2,"name":"Liikmelisuse eelised"}]},{"@type":"WebSite","@id":"https:\/\/fecc.ee\/#website","url":"https:\/\/fecc.ee\/","name":"Suomalais-Virolainen Kauppakamari","description":"Tere tulemast Soome-Eesti kaubanduskoja kodulehek\u00fcljele. Oleme suurim rahvusvaheline kaubanduskoda Eestis.","publisher":{"@id":"https:\/\/fecc.ee\/#organization"},"potentialAction":[{"@type":"SearchAction","target":{"@type":"EntryPoint","urlTemplate":"https:\/\/fecc.ee\/?s={search_term_string}"},"query-input":{"@type":"PropertyValueSpecification","valueRequired":true,"valueName":"search_term_string"}}],"inLanguage":"fi"},{"@type":"Organization","@id":"https:\/\/fecc.ee\/#organization","name":"Suomalais-Virolainen Kauppakamari","url":"https:\/\/fecc.ee\/","logo":{"@type":"ImageObject","inLanguage":"fi","@id":"https:\/\/fecc.ee\/#\/schema\/logo\/image\/","url":"https:\/\/fecc.ee\/wp-content\/uploads\/2025\/06\/FECC_Logo-1.png","contentUrl":"https:\/\/fecc.ee\/wp-content\/uploads\/2025\/06\/FECC_Logo-1.png","width":944,"height":292,"caption":"Soome-Eesti Kaubanduskoda"},"image":{"@id":"https:\/\/fecc.ee\/#\/schema\/logo\/image\/"},"sameAs":["https:\/\/www.facebook.com\/fecc.soomeeesti\/","https:\/\/www.linkedin.com\/company\/fecc-finnish-estonian-chamber-of-commerce\/"]}]}},"_links":{"self":[{"href":"https:\/\/fecc.ee\/fi\/wp-json\/wp\/v2\/pages\/25020","targetHints":{"allow":["GET"]}}],"collection":[{"href":"https:\/\/fecc.ee\/fi\/wp-json\/wp\/v2\/pages"}],"about":[{"href":"https:\/\/fecc.ee\/fi\/wp-json\/wp\/v2\/types\/page"}],"author":[{"embeddable":true,"href":"https:\/\/fecc.ee\/fi\/wp-json\/wp\/v2\/users\/3"}],"replies":[{"embeddable":true,"href":"https:\/\/fecc.ee\/fi\/wp-json\/wp\/v2\/comments?post=25020"}],"version-history":[{"count":31,"href":"https:\/\/fecc.ee\/fi\/wp-json\/wp\/v2\/pages\/25020\/revisions"}],"predecessor-version":[{"id":26769,"href":"https:\/\/fecc.ee\/fi\/wp-json\/wp\/v2\/pages\/25020\/revisions\/26769"}],"wp:attachment":[{"href":"https:\/\/fecc.ee\/fi\/wp-json\/wp\/v2\/media?parent=25020"}],"curies":[{"name":"wp","href":"https:\/\/api.w.org\/{rel}","templated":true}]}}