{"id":25032,"date":"2025-07-22T10:48:58","date_gmt":"2025-07-22T08:48:58","guid":{"rendered":"https:\/\/fecc.ee\/?page_id=25032"},"modified":"2026-04-18T17:50:36","modified_gmt":"2026-04-18T15:50:36","slug":"pohikiri","status":"publish","type":"page","link":"https:\/\/fecc.ee\/fi\/pohikiri\/","title":{"rendered":"YHDISTYKSEN S\u00c4\u00c4NN\u00d6T"},"content":{"rendered":"<div data-elementor-type=\"wp-page\" data-elementor-id=\"25032\" class=\"elementor elementor-25032\" data-elementor-post-type=\"page\">\n\t\t\t\t\t\t<div class=\"elementor-element elementor-element-e634c44 e-con e-atomic-element e-flexbox-base padding-0\" data-id=\"e634c44\" data-element_type=\"e-flexbox\" data-e-type=\"e-flexbox\" data-interaction-id=\"e634c44\">\n\t\t\t\t\t\t\t<div class=\"elementor-element elementor-element-1ta56rc e-con e-atomic-element e-flexbox-base e-8de1965-3980a32\" data-id=\"1ta56rc\" data-element_type=\"e-flexbox\" data-e-type=\"e-flexbox\" data-interaction-id=\"8de1965\">\n\t\t\t\t\t\t\t\n\t\t<img class=\"e-image-base e-dd60740-02e4c81\" \n\t\t\t\t\tdata-interaction-id=\"dd60740\" \n\t\t \n\t\t \n\t\t\t\t\t\t\t\t\tid=\"10304\"\n\t\t\t\t\t\t\t\t\t\t\t\tsrc=\"https:\/\/fecc.ee\/wp-content\/uploads\/2023\/09\/1_-1_false_false_c0d21ab64f4f2d964933381432dcefb6.jpg\"\n\t\t\t\t\t\t\t\t\t\t\t\twidth=\"1600\"\n\t\t\t\t\t\t\t\t\t\t\t\theight=\"900\"\n\t\t\t\t\t\t\t\t\t\t\t\tsrcset=\"https:\/\/fecc.ee\/wp-content\/uploads\/2023\/09\/1_-1_false_false_c0d21ab64f4f2d964933381432dcefb6.jpg 1600w, https:\/\/fecc.ee\/wp-content\/uploads\/2023\/09\/1_-1_false_false_c0d21ab64f4f2d964933381432dcefb6-300x169.jpg 300w, https:\/\/fecc.ee\/wp-content\/uploads\/2023\/09\/1_-1_false_false_c0d21ab64f4f2d964933381432dcefb6-1024x576.jpg 1024w, https:\/\/fecc.ee\/wp-content\/uploads\/2023\/09\/1_-1_false_false_c0d21ab64f4f2d964933381432dcefb6-768x432.jpg 768w, https:\/\/fecc.ee\/wp-content\/uploads\/2023\/09\/1_-1_false_false_c0d21ab64f4f2d964933381432dcefb6-1536x864.jpg 1536w, https:\/\/fecc.ee\/wp-content\/uploads\/2023\/09\/1_-1_false_false_c0d21ab64f4f2d964933381432dcefb6-18x10.jpg 18w, https:\/\/fecc.ee\/wp-content\/uploads\/2023\/09\/1_-1_false_false_c0d21ab64f4f2d964933381432dcefb6-1080x608.jpg 1080w, https:\/\/fecc.ee\/wp-content\/uploads\/2023\/09\/1_-1_false_false_c0d21ab64f4f2d964933381432dcefb6-1280x720.jpg 1280w, https:\/\/fecc.ee\/wp-content\/uploads\/2023\/09\/1_-1_false_false_c0d21ab64f4f2d964933381432dcefb6-980x551.jpg 980w, https:\/\/fecc.ee\/wp-content\/uploads\/2023\/09\/1_-1_false_false_c0d21ab64f4f2d964933381432dcefb6-480x270.jpg 480w, https:\/\/fecc.ee\/wp-content\/uploads\/2023\/09\/1_-1_false_false_c0d21ab64f4f2d964933381432dcefb6-500x281.jpg 500w\"\n\t\t\t\t\t\t\t\t\t\t\t\talt=\"\"\n\t\t\t\t\t\t\/>\n\t\t\t\t\t\t<div class=\"e-e6e2b21-a26f132 e-svg-base\" data-interaction-id=\"e6e2b21\"><svg xmlns=\"http:\/\/www.w3.org\/2000\/svg\" fill=\"currentColor\" style=\"width: 100%; height: 100%; overflow: unset;\" viewbox=\"0 0 1000 100\" preserveaspectratio=\"none\"><path class=\"elementor-shape-fill\" d=\"M0,6V0h1000v100L0,6z\"><\/path><\/svg><\/div>\t\t\t\t<div class=\"elementor-element elementor-element-0p50ttx e-con e-atomic-element e-div-block-base e-be2b4de-e40676f\" data-id=\"0p50ttx\" data-element_type=\"e-div-block\" data-e-type=\"e-div-block\" data-interaction-id=\"be2b4de\">\n\t\t\t\t<\/div>\n\t\t\t\t<div class=\"elementor-element elementor-element-1sq7w8u e-con e-atomic-element e-div-block-base e-9de6564-0606280 max-width padding-0\" data-id=\"1sq7w8u\" data-element_type=\"e-div-block\" data-e-type=\"e-div-block\" data-interaction-id=\"9de6564\">\n\t\t\t\t\t\t\t<h1 \n\t\tdata-interaction-id=\"bb6a6b7\" \n\t\tclass=\"title-size-1 e-heading-base\" \n\t\t \n\t\t\n\t>\n\t\n\t\t\tYHDISTYKSEN S\u00c4\u00c4NN\u00d6T\n\t\t<\/h1>\n\t\t\t\t\t\n<hr class=\"divider-white e-850bc71-45e81af e-divider-base\" data-interaction-id=\"850bc71\"   \/>\n\t\t\t\t<\/div>\n\t\t\t\t<\/div>\n\t\t\n\t\t\t\t<\/div>\n\t\t\t\t<div class=\"elementor-element elementor-element-2abbbcc e-con e-atomic-element e-flexbox-base max-width e-2abbbcc-9a9c728 section-padding-bottom\" data-id=\"2abbbcc\" data-element_type=\"e-flexbox\" data-e-type=\"e-flexbox\" data-interaction-id=\"2abbbcc\">\n\t\t\t\t\t\t\t<h2 \n\t\tdata-interaction-id=\"b7a5ca5\" \n\t\tclass=\"title-negative-bottom-margin title-size-2 e-heading-base\" \n\t\t \n\t\t\n\t>\n\t\n\t\t\t1. YLEIST\u00c4\n\t\t<\/h2>\n\t\t\t\t\t\t\t\t<p class=\"default-text e-d6782f9-32635f3 e-paragraph-base\" data-interaction-id=\"d6782f9\"  >\n\t\t\t\t\t\t\t\t1.1. Soome-Eesti Kaubanduskoda (j\u00e4ljemp\u00e4n\u00e4 yhdistys), suomeksi k\u00e4\u00e4nnettyn\u00e4 Suomalais- virolainen kauppakamari ja englanniksi k\u00e4\u00e4nnettyn\u00e4 The Finnish-Estonian Chamber of Commerce, on vapaaehtoinen tuloa tuottamaton yhdistys, joka on perustettu 18.9.1996.<br>1.2. Yhdistys toimii Viron tasavallassa ja sen hallituksen sijaintipaikka on Tallinna.<br>1.3. Yhdistyksen virallinen nimi on viron kielell\u00e4 Soome-Eesti Kaubanduskoda.<br>1.4. Yhdistys on yksityisoikeudellinen juridinen henkil\u00f6, jonka toiminta perustuu Viron yhdistyslakiin, muuhun lains\u00e4\u00e4d\u00e4nt\u00f6\u00f6n ja n\u00e4ihin yhdistyksen s\u00e4\u00e4nt\u00f6ihin.\n\t\t\t\t\t<\/p>\n\t\t\t\t\t\t\t<h2 \n\t\tdata-interaction-id=\"89f2016\" \n\t\tclass=\"title-negative-bottom-margin title-size-2 e-heading-base\" \n\t\t \n\t\t\n\t>\n\t\n\t\t\t2. YHDISTYKSEN TOIMINNAN TAVOITE\n\t\t<\/h2>\n\t\t\t\t\t\t\t\t<p class=\"default-text e-516b7f7-07baec3 e-paragraph-base\" data-interaction-id=\"516b7f7\"  >\n\t\t\t\t\t\t\t\t2.1. Yhdistyksen toiminnan tavoitteena on Viron ja Suomen v\u00e4lisen yritystoiminnan edist\u00e4minen ja liikekontaktien v\u00e4litt\u00e4minen.<br>2.2. Tavoitteensa saavuttamiseksi yhdistys k\u00e4ytt\u00e4\u00e4 seuraavia toimintamuotoja:<br>a) yhteyksien luominen ja kehitt\u00e4minen muiden j\u00e4rjest\u00f6jen, julkisen sektorin ja liike-el\u00e4m\u00e4n edustajien kanssa<br>b) tapaamisten, seminaarien ja koulutusten j\u00e4rjest\u00e4minen<br>c) j\u00e4senille tarpeellisen tiedon jakaminen ja konsultointi<br>d) hyv\u00e4ntekev\u00e4isyystoiminta<br>e) vapaa-ajantapahtumien j\u00e4rjest\u00e4minen j\u00e4senille<br>f) muut vuosikokouksen p\u00e4\u00e4tt\u00e4m\u00e4t toimintamuodot.\n\t\t\t\t\t<\/p>\n\t\t\t\t\t\t\t<h2 \n\t\tdata-interaction-id=\"7abe865\" \n\t\tclass=\"title-negative-bottom-margin title-size-2 e-heading-base\" \n\t\t \n\t\t\n\t>\n\t\n\t\t\t3. J\u00c4SENET\n\t\t<\/h2>\n\t\t\t\t\t\t\t\t<p class=\"default-text e-697a0a9-7af4665 e-paragraph-base\" data-interaction-id=\"697a0a9\"  >\n\t\t\t\t\t\t\t\t3.1. Yhdistyksen j\u00e4senin\u00e4 voivat olla Viron tasavallan ja muiden valtioiden hyv\u00e4maineiset juridiset henkil\u00f6t, jotka hyv\u00e4ksyv\u00e4t yhti\u00f6n s\u00e4\u00e4nn\u00f6t.<br>Kunniaj\u00e4sen on juridinen tai fyysinen henkil\u00f6, jonka hallitus kutsuu yhti\u00f6\u00f6n. Kunniaj\u00e4seneksi valitsemiseksi tarvitaan hallituksen yksimielinen p\u00e4\u00e4t\u00f6s. Kunniaj\u00e4senell\u00e4 ei ole \u00e4\u00e4nioikeutta.<br>3.2. Henkil\u00f6, joka haluaa yhdistyksen j\u00e4seneksi, esitt\u00e4\u00e4 j\u00e4senanomuksen yhdistyksen hallitukselle.<br>3.3. J\u00e4senhakemus k\u00e4sitell\u00e4\u00e4n hallituksen kokouksessa.<br>3.4. Yhdistyksen uuden j\u00e4senen j\u00e4senyys astuu voimaan vuosimaksun maksamisen j\u00e4lkeen. Kunniaj\u00e4senen j\u00e4senyys astuu voimaan hallituksen p\u00e4\u00e4t\u00f6ksen j\u00e4lkeen. Kunniaj\u00e4sen ei maksa vuosimaksua.<br>3.5. Hallituksella on p\u00e4\u00e4t\u00f6ksell\u00e4\u00e4n oikeus erottaa j\u00e4sen yhdistyksest\u00e4, jos:<br>a) j\u00e4senen toiminta on ristiriidassa yhdistyksen s\u00e4\u00e4nt\u00f6jen kanssa<br>b) j\u00e4senen toiminta vahingoittaa yhdistyksen mainetta<br>c) j\u00e4sen ei ole maksanut vuosimaksua eik\u00e4 noudattanut muita velvoitteita yhdistykseen n\u00e4hden.<br>3.6. Erotetulle j\u00e4senelle ilmoitetaan kirjallisesti hallituksen p\u00e4\u00e4t\u00f6ksest\u00e4, jossa mainitaan my\u00f6s erottamisen peruste.<br>3.7. J\u00e4senen erotessa tai h\u00e4net yhdistyksest\u00e4 erotettaessa vuosimaksua ei palauteta.\n\t\t\t\t\t<\/p>\n\t\t\t\t\t\t\t<h2 \n\t\tdata-interaction-id=\"2208bf1\" \n\t\tclass=\"title-negative-bottom-margin title-size-2 e-heading-base\" \n\t\t \n\t\t\n\t>\n\t\n\t\t\t4. J\u00c4SENTEN OIKEUDET\n\t\t<\/h2>\n\t\t\t\t\t\t\t\t<p class=\"default-text e-a639a6f-809badd e-paragraph-base\" data-interaction-id=\"a639a6f\"  >\n\t\t\t\t\t\t\t\t4.1. Yhdistyksen j\u00e4senen oikeudet ovat voimassa vain, jos vuosimaksu on maksettu tai muut yhdistykseen liittyv\u00e4t velvoitteet t\u00e4ytetty.<br>4.2. Yhdistyksen j\u00e4senell\u00e4 on oikeus:<br>a) valita, tulla valituksi ja esitt\u00e4\u00e4 yhdistyksen j\u00e4senten joukosta edustajia yhdistyksen johtoelimiin<br>b) tehd\u00e4 ehdotuksia, kyselyj\u00e4 ja valituksia yhdistyksen johtoelimille ja saada asiaan liittyvi\u00e4 vastauksia<br>c) osallistua \u00e4\u00e4nioikeutettuna yhdistyksen kokouksiin<br>d) osallistua yhdistyksen j\u00e4rjest\u00e4miin tapahtumiin hallituksen p\u00e4\u00e4tt\u00e4mill\u00e4 ehdoilla<br>e) osallistua yhdistyksen toimintaan sen kaikissa muodoissa<br>f) erota yhdistyksest\u00e4 ilmoittamalla siit\u00e4 hallitukselle kirjallisesti.<br>4.3. Jokaisella yhdistyksen j\u00e4senell\u00e4 on vuosikokouksessa yksi \u00e4\u00e4ni, kunniaj\u00e4sent\u00e4 lukuun ottamatta.\n\t\t\t\t\t<\/p>\n\t\t\t\t\t\t\t<h2 \n\t\tdata-interaction-id=\"28cde7c\" \n\t\tclass=\"title-negative-bottom-margin title-size-2 e-heading-base\" \n\t\t \n\t\t\n\t>\n\t\n\t\t\t5. J\u00c4SENTEN VELVOLLISUUDET\n\t\t<\/h2>\n\t\t\t\t\t\t\t\t<p class=\"default-text e-0fed38c-37be839 e-paragraph-base\" data-interaction-id=\"0fed38c\"  >\n\t\t\t\t\t\t\t\t5.1. Yhdistyksen j\u00e4sen on velvollinen:<br>a) tunnustamaan ja noudattamaan yhdistyksen s\u00e4\u00e4nt\u00f6j\u00e4<br>b) maksamaan vuosimaksun.\n\t\t\t\t\t<\/p>\n\t\t\t\t\t\t\t<h2 \n\t\tdata-interaction-id=\"01a871b\" \n\t\tclass=\"title-negative-bottom-margin title-size-2 e-heading-base\" \n\t\t \n\t\t\n\t>\n\t\n\t\t\t6. VUOSIKOKOUS\n\t\t<\/h2>\n\t\t\t\t\t\t\t\t<p class=\"default-text e-8afd647-da988f3 e-paragraph-base\" data-interaction-id=\"8afd647\"  >\n\t\t\t\t\t\t\t\t6.1. Yhdistyksen korkein elin on sen j\u00e4senten vuosikokous.<br>6.2. S\u00e4\u00e4nt\u00f6m\u00e4\u00e4r\u00e4inen vuosikokous kutsutaan koolle v\u00e4hint\u00e4\u00e4n kerran vuodessa vuoden ensimm\u00e4isen vuosinelj\u00e4nneksen kuluessa. Ylim\u00e4\u00e4r\u00e4inen vuosikokous kutsutaan koolle tarvittaessa tai v\u00e4hint\u00e4\u00e4n 1\/10 j\u00e4senist\u00e4 niin vaatiessa.<br>6.3. Vuosikokouksen kutsuu koolle ja sen teknisist\u00e4 j\u00e4rjestelyist\u00e4 vastaa yhdistyksen hallitus, joka ilmoittaa vuosikokouksesta j\u00e4senille kirjallisesti v\u00e4hint\u00e4\u00e4n 14 p\u00e4iv\u00e4\u00e4 ennen kokousp\u00e4iv\u00e4\u00e4.<br>6.4. Vuosikokouksen toimivaltaan kuuluvat seuraavat seikat:<br>a) yhdistyksen tavoitteen ja s\u00e4\u00e4nt\u00f6jen muuttaminen<br>b) vuosimaksun suuruudesta ja maksutavasta p\u00e4\u00e4tt\u00e4minen. Vuosimaksun suuruus voi vaihdella j\u00e4senten kesken.<br>c) yhdistyksen hallituksen toimintakertomuksen, tilinp\u00e4\u00e4t\u00f6ksen ja talousarvion vahvistaminen<br>d) hallituksen j\u00e4senten m\u00e4\u00e4r\u00e4st\u00e4 p\u00e4\u00e4tt\u00e4minen<br>e) hallituksen j\u00e4senten nimitt\u00e4minen yhdeksi toimintavuodeksi kerrallaan<br>f) tilintarkastajien valinta<br>g) tilintarkastajien kertomuksen vahvistaminen<br>h) yhdistyksen toiminnan lopettaminen tai yhdistyksen sulautumisesta tai jakautumisesta p\u00e4\u00e4tt\u00e4minen.<br>6.5. Vuosikokouksen p\u00e4\u00e4t\u00f6kset hyv\u00e4ksyt\u00e4\u00e4n yksinkertaisella \u00e4\u00e4nienemmist\u00f6ll\u00e4. Yhdistyksen toiminnan tarkoituksen muuttamiseen tarvitaan v\u00e4hint\u00e4\u00e4n 9\/10 j\u00e4senien hyv\u00e4ksynt\u00e4, ja vuosikokoukseen osallistumattomien j\u00e4senten on annettava suostumuksensa kirjallisesti. Yhdistyksen s\u00e4\u00e4nt\u00f6jen muuttamista, yhdistyksen toiminnan lopettamista, sen sulautumista tai jakautumista on puollettava yli 2\/3 vuosikokoukseen osallistuneista j\u00e4senist\u00e4 tai heid\u00e4n edustajistaan.<br>6.6. Vuosikokous aloitetaan valitsemalla yhdistyksen j\u00e4senten joukosta kokouksen puheenjohtaja ja sihteeri. T\u00e4m\u00e4n j\u00e4lkeen vahvistetaan p\u00e4iv\u00e4j\u00e4rjestys ja kokousj\u00e4rjestelyt. Vuosikokouksesta laaditaan p\u00f6yt\u00e4kirja.\n\t\t\t\t\t<\/p>\n\t\t\t\t\t\t\t<h2 \n\t\tdata-interaction-id=\"74d7a91\" \n\t\tclass=\"title-negative-bottom-margin title-size-2 e-heading-base\" \n\t\t \n\t\t\n\t>\n\t\n\t\t\t7. HALLITUS\n\t\t<\/h2>\n\t\t\t\t\t\t\t\t<p class=\"default-text e-aba7f8f-adbbc61 e-paragraph-base\" data-interaction-id=\"aba7f8f\"  >\n\t\t\t\t\t\t\t\t7.1. Hallitus edustaa yhdistyst\u00e4 ja johtaa sen ty\u00f6t\u00e4. Hallituksessa on v\u00e4hint\u00e4\u00e4n kaksi ja enint\u00e4\u00e4n yksitoista vuosikokouksen vahvistamaa oikeustoimikelpoista fyysist\u00e4 henkil\u00f6\u00e4, jotka edustavat yhdistyksen j\u00e4seni\u00e4. Hallituksen j\u00e4senet valitsevat keskuudestaan hallituksen puheenjohtajan ja tarvittaessa varapuheenjohtajan.<br>7.2. Yhdistyst\u00e4 voivat edustaa hallituksen puheenjohtaja tai varapuheenjohtaja yksin tai kaksi hallituksen j\u00e4sent\u00e4 yhdess\u00e4.<br>7.3. Vuosikokous voi erottaa hallituksen j\u00e4senen ennen m\u00e4\u00e4r\u00e4aikaa, mik\u00e4li velvollisuuksia ei ole olennaisessa m\u00e4\u00e4rin noudatettu tai mik\u00e4li hallituksen j\u00e4sen ei jostain syyst\u00e4 kykene osallistumaan aktiivisesti yhdistyksen johtamiseen.<br>7.4. Hallituksen j\u00e4senet vastaavat yhdistykselle teht\u00e4viens\u00e4 suorittamisesta.<br>7.5. Hallituksen j\u00e4senelle korvataan teht\u00e4vien suorittamisesta koituneet tarvittavat kustannukset hallituksen kokouksen p\u00e4\u00e4t\u00f6ksen perusteella.<br>7.6. Hallituksen kokouksia pidet\u00e4\u00e4n v\u00e4hint\u00e4\u00e4n kerran nelj\u00e4nnesvuoden aikana ja niist\u00e4 laaditaan p\u00f6yt\u00e4kirja. Kokouksen kutsuu koolle hallituksen puheenjohtaja tai varapuheenjohtaja. Puheenjohtaja on velvollinen kutsumaan hallituksen kokouksen koolle, mik\u00e4li sit\u00e4 vaatii yhdistyksen tilintarkastaja tai v\u00e4hint\u00e4\u00e4n 1\/3 hallituksen j\u00e4senist\u00e4.<br>7.7. Hallituksen kokouksen j\u00e4rjest\u00e4misest\u00e4 ilmoitetaan hallituksen j\u00e4senille v\u00e4hint\u00e4\u00e4n seitsem\u00e4n p\u00e4iv\u00e4\u00e4 etuk\u00e4teen.<br>7.8. Hallituksen toimivaltaan kuuluvat seuraavat teht\u00e4v\u00e4t:<br>a) yhdistyksen toiminnan johtaminen<br>b) toimintakertomuksen, tilinp\u00e4\u00e4t\u00f6ksen ja talousarvion laatiminen ja esitt\u00e4minen vuosikokoukselle<br>c) yhdistyksen kirjanpidon j\u00e4rjest\u00e4minen<br>d) yhdistyksen palkallisten ty\u00f6ntekij\u00f6iden ty\u00f6suhteiden vahvistaminen<br>e) yhdistyksen uusien j\u00e4senten vastaanottaminen ja j\u00e4senten erottaminen<br>f) vuosikokouksen koolle kutsuminen<br>g) yhdistyksen omaisuuden hallinta<br>h) yhdistyksen luomien rakenteellisten osastojen perustaminen ja lopettaminen<br>i) yhteisty\u00f6n kehitt\u00e4minen ja koordinointi valtion ja paikallishallinnon valtaelinten ja j\u00e4rjest\u00f6jen kanssa<br>j) muiden sellaisten asioiden ratkaisu, jotka eiv\u00e4t kuulu vuosikokouksen toimivaltaan.<br>7.9. Omien teht\u00e4viens\u00e4 suorittamiseksi voi hallitus muodostaa pysyvi\u00e4 tai v\u00e4liaikaisia komiteoita ja ty\u00f6ryhmi\u00e4, joiden ty\u00f6j\u00e4rjestelyist\u00e4 ja johtamisesta m\u00e4\u00e4r\u00e4\u00e4 p\u00e4\u00e4t\u00f6ksell\u00e4\u00e4n hallitus.<br>7.10. Hallitus on p\u00e4\u00e4t\u00f6svaltainen, kun sen kokoukseen osallistuu v\u00e4hint\u00e4\u00e4n yli puolet j\u00e4senist\u00e4.<br>7.11. Hallituksen p\u00e4\u00e4t\u00f6ksen hyv\u00e4ksymiseen tarvitaan v\u00e4hint\u00e4\u00e4n puolen l\u00e4sn\u00e4 olevien j\u00e4senien puolto\u00e4\u00e4net. Hallitus voi hyv\u00e4ksy\u00e4 p\u00e4\u00e4t\u00f6ksi\u00e4 my\u00f6s kokousta koolle kutsumatta, mik\u00e4li sen puolesta \u00e4\u00e4nest\u00e4v\u00e4t kirjallisesti kaikki hallituksen j\u00e4senet, eli otetaan huomioon my\u00f6s s\u00e4hk\u00f6postitse \u00e4\u00e4nest\u00e4minen. Kirjallisesti tai s\u00e4hk\u00f6postitse tehdyt p\u00e4\u00e4t\u00f6kset kirjataan p\u00f6yt\u00e4kirjaan seuraavassa hallituksen kokouksessa, mill\u00e4 vahvistetaan p\u00e4\u00e4t\u00f6ksen voimassaolo jatkossa.<br>7.12. Mik\u00e4li hallituksen j\u00e4senen ty\u00f6suhde p\u00e4\u00e4ttyy h\u00e4nen edustamassaan j\u00e4senyrityksess\u00e4, voi j\u00e4senyys hallituksessa jatkua seuraavaan vuosikokoukseen saakka.<br>7.13. Mik\u00e4li hallituksen j\u00e4senen edustama j\u00e4senyritys erotetaan yhdistyksest\u00e4, voi edustajan j\u00e4senyys hallituksessa jatkua seuraavaan vuosikokoukseen saakka.\n\t\t\t\t\t<\/p>\n\t\t\t\t\t\t\t<h2 \n\t\tdata-interaction-id=\"a1d7f69\" \n\t\tclass=\"title-negative-bottom-margin title-size-2 e-heading-base\" \n\t\t \n\t\t\n\t>\n\t\n\t\t\t8. TILINTARKASTAJAT\n\t\t<\/h2>\n\t\t\t\t\t\t\t\t<p class=\"default-text e-7a6238b-890e595 e-paragraph-base\" data-interaction-id=\"7a6238b\"  >\n\t\t\t\t\t\t\t\t8.1. Vuosikokous valitsee kaksi tilintarkastajaa yhdeksi vuodeksi. Heid\u00e4n valtuutensa ovat voimassa yhden tilivuoden ajan siihen saakka, kunnes uusi s\u00e4\u00e4nn\u00f6nmukainen vuosikokous valitsee uudet tilintarkastajat.<br>8.2. Tilintarkastajat eiv\u00e4t saa olla hallituksen j\u00e4seni\u00e4.<br>8.3. Tilintarkastaja valvoo yhdistyksen toiminnan lainmukaisuutta ja yhdistyksen liiketaloudellista toimintaa ja laatii siit\u00e4 lausunnon vuosikokoukselle.<br>8.4. Tilintarkastajilla on oikeus toiminnan valvomiseksi saada hallitukselta kaikki yhdistyksen toimintaa koskevat asiakirjat.\n\t\t\t\t\t<\/p>\n\t\t\t\t\t\t\t<h2 \n\t\tdata-interaction-id=\"d214f02\" \n\t\tclass=\"title-negative-bottom-margin title-size-2 e-heading-base\" \n\t\t \n\t\t\n\t>\n\t\n\t\t\t9. OMAISUUS\n\t\t<\/h2>\n\t\t\t\t\t\t\t\t<p class=\"default-text e-046cf4b-2095022 e-paragraph-base\" data-interaction-id=\"046cf4b\"  >\n\t\t\t\t\t\t\t\t9.1. Yhdistyksen toiminta perustuu omavaraisuuden periaatteeseen.<br>9.2. Yhdistyksen omaisuuden muodostavat:<br>a) vuosimaksut<br>b) lahjoitukset ja m\u00e4\u00e4r\u00e4rahat<br>c) yhdistyksen j\u00e4rjest\u00e4mist\u00e4 tapahtumista saadut tulot<br>d) tulot, jotka mahdollisesti saadaan yhdistyksen julkaisujen painamisesta ja levitt\u00e4misest\u00e4 tai kulttuurin edist\u00e4miseksi tai yhdistyksen s\u00e4\u00e4nt\u00f6ihin perustuvien maksullisten tapahtumien j\u00e4rjest\u00e4misest\u00e4<br>e) muut tulot.<br>9.3. Yhdistyksen omistuksessa voi olla mit\u00e4 tahansa omaisuutta, mik\u00e4 on tarpeen yhdistyksen s\u00e4\u00e4nt\u00f6jen mukaisten tavoitteiden saavuttamiseksi ja mink\u00e4 omistus ei ole laissa kielletty.<br>9.4. Yhdistyksen omaisuutta k\u00e4ytet\u00e4\u00e4n hallituksen p\u00e4\u00e4t\u00f6sten perusteella ainoastaan yhdistyksen s\u00e4\u00e4nt\u00f6jen mukaisten tavoitteiden saavuttamiseen.<br>9.5. Hallituksen toiminta perustuu yhdistyksen s\u00e4\u00e4nt\u00f6ihin, vuosikokouksen hyv\u00e4ksymiin p\u00e4\u00e4t\u00f6ksiin ja vuosikokouksen vahvistamaan talousarvioon ja toimintasuunnitelmaan.\n\t\t\t\t\t<\/p>\n\t\t\t\t\t\t\t<h2 \n\t\tdata-interaction-id=\"f0f3c2c\" \n\t\tclass=\"title-negative-bottom-margin title-size-2 e-heading-base\" \n\t\t \n\t\t\n\t>\n\t\n\t\t\t10. YHDISTYKSEN TOIMINNAN LOPETTAMINEN, SULAUTUMINEN TAI YHDISTYKSEN JAKAUTUMINEN\n\t\t<\/h2>\n\t\t\t\t\t\t\t\t<p class=\"default-text e-23418d5-b370150 e-paragraph-base\" data-interaction-id=\"23418d5\"  >\n\t\t\t\t\t\t\t\t10.1. Yhdistyksen toiminnan lopettamisesta, sulautumisesta tai jakautumisesta p\u00e4\u00e4tt\u00e4\u00e4 vuosikokous laissa s\u00e4\u00e4detyiss\u00e4 tapauksissa.<br>10.2. Yhdistyksen toiminnan lopettamisen, sulautumisen tai jakautumisen puolesta on \u00e4\u00e4nestett\u00e4v\u00e4 v\u00e4hint\u00e4\u00e4n 2\/3 vuosikokouksen l\u00e4sn\u00e4 olevista tai edustettuina olevista j\u00e4senist\u00e4.<br><br>Yhdistyksen s\u00e4\u00e4nn\u00f6t on vahvistettu perustamissopimuksella 18. syyskuuta 1996. S\u00e4\u00e4nt\u00f6j\u00e4 on muutettu 16.3.2006 vuosikokouksen p\u00e4\u00e4t\u00f6ksell\u00e4, 23.7.2007 vuosikokouksen p\u00e4\u00e4t\u00f6ksell\u00e4, 8.11.2007 vuosikokouksen p\u00e4\u00e4t\u00f6ksell\u00e4, 12.2.2014 vuosikokouksen p\u00e4\u00e4t\u00f6ksell\u00e4 ja 12.2. 2018 vuosikokouksen p\u00e4\u00e4t\u00f6ksell\u00e4.\n\t\t\t\t\t<\/p>\n\t\t\t\t<\/div>\n\t\t\t\t<\/div>","protected":false},"excerpt":{"rendered":"<p>SOOME-EESTIKAUBANDUSKODA 1. \u00dcLDS\u00c4TTED 1.1. Soome-Eesti Kaubanduskoda (edaspidi tekstis \u201e\u00dching\u201c), t\u00f5lgituna soome keelde Suomalais-virolainen kauppakamari ja t\u00f5lgituna inglise keelde The Finnish-Estonian Chamber of Commerce, on vabatahtlik mittetulunduslik \u00fching, mis on asutatud 18.09.1996.1.2. \u00dching tegutseb Eesti Vabariigis ja ta juhatuse asukohaks on Tallinn.1.3. \u00dchingu ametlik nimi eesti keeles on Soome-Eesti Kaubanduskoda.1.4. \u00dching on era\u00f5iguslik juriidiline isik, kes [&hellip;]<\/p>\n","protected":false},"author":3,"featured_media":0,"parent":0,"menu_order":0,"comment_status":"closed","ping_status":"closed","template":"","meta":{"_acf_changed":false,"footnotes":""},"class_list":["post-25032","page","type-page","status-publish","hentry"],"acf":[],"yoast_head":"<!-- This site is optimized with the Yoast SEO plugin v27.4 - https:\/\/yoast.com\/product\/yoast-seo-wordpress\/ -->\n<title>P\u00f5hikiri | Soome-Eesti Kaubanduskoda<\/title>\n<meta name=\"robots\" content=\"index, follow, max-snippet:-1, max-image-preview:large, max-video-preview:-1\" \/>\n<link rel=\"canonical\" href=\"https:\/\/fecc.ee\/fi\/pohikiri\/\" \/>\n<meta property=\"og:locale\" content=\"fi_FI\" \/>\n<meta property=\"og:type\" content=\"article\" \/>\n<meta property=\"og:title\" content=\"P\u00f5hikiri | Soome-Eesti Kaubanduskoda\" \/>\n<meta property=\"og:description\" content=\"SOOME-EESTIKAUBANDUSKODA 1. \u00dcLDS\u00c4TTED 1.1. Soome-Eesti Kaubanduskoda (edaspidi tekstis \u201e\u00dching\u201c), t\u00f5lgituna soome keelde Suomalais-virolainen kauppakamari ja t\u00f5lgituna inglise keelde The Finnish-Estonian Chamber of Commerce, on vabatahtlik mittetulunduslik \u00fching, mis on asutatud 18.09.1996.1.2. \u00dching tegutseb Eesti Vabariigis ja ta juhatuse asukohaks on Tallinn.1.3. \u00dchingu ametlik nimi eesti keeles on Soome-Eesti Kaubanduskoda.1.4. \u00dching on era\u00f5iguslik juriidiline isik, kes [&hellip;]\" \/>\n<meta property=\"og:url\" content=\"https:\/\/fecc.ee\/fi\/pohikiri\/\" \/>\n<meta property=\"og:site_name\" content=\"Soome-Eesti Kaubanduskoda\" \/>\n<meta property=\"article:publisher\" content=\"https:\/\/www.facebook.com\/fecc.soomeeesti\/\" \/>\n<meta property=\"article:modified_time\" content=\"2026-04-18T15:50:36+00:00\" \/>\n<meta property=\"og:image\" content=\"https:\/\/fecc.ee\/wp-content\/uploads\/2026\/03\/web22-optimized.jpg\" \/>\n<meta name=\"twitter:card\" content=\"summary_large_image\" \/>\n<meta name=\"twitter:label1\" content=\"Arvioitu lukuaika\" \/>\n\t<meta name=\"twitter:data1\" content=\"6 minuuttia\" \/>\n<script type=\"application\/ld+json\" class=\"yoast-schema-graph\">{\"@context\":\"https:\\\/\\\/schema.org\",\"@graph\":[{\"@type\":\"WebPage\",\"@id\":\"https:\\\/\\\/fecc.ee\\\/pohikiri\\\/\",\"url\":\"https:\\\/\\\/fecc.ee\\\/pohikiri\\\/\",\"name\":\"P\u00f5hikiri | Soome-Eesti Kaubanduskoda\",\"isPartOf\":{\"@id\":\"https:\\\/\\\/fecc.ee\\\/#website\"},\"primaryImageOfPage\":{\"@id\":\"https:\\\/\\\/fecc.ee\\\/pohikiri\\\/#primaryimage\"},\"image\":{\"@id\":\"https:\\\/\\\/fecc.ee\\\/pohikiri\\\/#primaryimage\"},\"thumbnailUrl\":\"https:\\\/\\\/fecc.ee\\\/wp-content\\\/uploads\\\/2026\\\/03\\\/web22-optimized.jpg\",\"datePublished\":\"2025-07-22T08:48:58+00:00\",\"dateModified\":\"2026-04-18T15:50:36+00:00\",\"breadcrumb\":{\"@id\":\"https:\\\/\\\/fecc.ee\\\/pohikiri\\\/#breadcrumb\"},\"inLanguage\":\"fi\",\"potentialAction\":[{\"@type\":\"ReadAction\",\"target\":[\"https:\\\/\\\/fecc.ee\\\/pohikiri\\\/\"]}]},{\"@type\":\"ImageObject\",\"inLanguage\":\"fi\",\"@id\":\"https:\\\/\\\/fecc.ee\\\/pohikiri\\\/#primaryimage\",\"url\":\"https:\\\/\\\/fecc.ee\\\/wp-content\\\/uploads\\\/2026\\\/03\\\/web22-optimized.jpg\",\"contentUrl\":\"https:\\\/\\\/fecc.ee\\\/wp-content\\\/uploads\\\/2026\\\/03\\\/web22-optimized.jpg\"},{\"@type\":\"BreadcrumbList\",\"@id\":\"https:\\\/\\\/fecc.ee\\\/pohikiri\\\/#breadcrumb\",\"itemListElement\":[{\"@type\":\"ListItem\",\"position\":1,\"name\":\"Home\",\"item\":\"https:\\\/\\\/fecc.ee\\\/\"},{\"@type\":\"ListItem\",\"position\":2,\"name\":\"P\u00f5hikiri\"}]},{\"@type\":\"WebSite\",\"@id\":\"https:\\\/\\\/fecc.ee\\\/#website\",\"url\":\"https:\\\/\\\/fecc.ee\\\/\",\"name\":\"Soome-Eesti Kaubanduskoda\",\"description\":\"Tere tulemast Soome-Eesti kaubanduskoja kodulehek\u00fcljele. Oleme suurim rahvusvaheline kaubanduskoda Eestis.\",\"publisher\":{\"@id\":\"https:\\\/\\\/fecc.ee\\\/#organization\"},\"potentialAction\":[{\"@type\":\"SearchAction\",\"target\":{\"@type\":\"EntryPoint\",\"urlTemplate\":\"https:\\\/\\\/fecc.ee\\\/?s={search_term_string}\"},\"query-input\":{\"@type\":\"PropertyValueSpecification\",\"valueRequired\":true,\"valueName\":\"search_term_string\"}}],\"inLanguage\":\"fi\"},{\"@type\":\"Organization\",\"@id\":\"https:\\\/\\\/fecc.ee\\\/#organization\",\"name\":\"Soome-Eesti Kaubanduskoda\",\"url\":\"https:\\\/\\\/fecc.ee\\\/\",\"logo\":{\"@type\":\"ImageObject\",\"inLanguage\":\"fi\",\"@id\":\"https:\\\/\\\/fecc.ee\\\/#\\\/schema\\\/logo\\\/image\\\/\",\"url\":\"https:\\\/\\\/fecc.ee\\\/wp-content\\\/uploads\\\/2025\\\/06\\\/FECC_Logo-1.png\",\"contentUrl\":\"https:\\\/\\\/fecc.ee\\\/wp-content\\\/uploads\\\/2025\\\/06\\\/FECC_Logo-1.png\",\"width\":944,\"height\":292,\"caption\":\"Soome-Eesti Kaubanduskoda\"},\"image\":{\"@id\":\"https:\\\/\\\/fecc.ee\\\/#\\\/schema\\\/logo\\\/image\\\/\"},\"sameAs\":[\"https:\\\/\\\/www.facebook.com\\\/fecc.soomeeesti\\\/\",\"https:\\\/\\\/www.linkedin.com\\\/company\\\/fecc-finnish-estonian-chamber-of-commerce\\\/\"]}]}<\/script>\n<!-- \/ Yoast SEO plugin. -->","yoast_head_json":{"title":"P\u00f5hikiri | Soome-Eesti Kaubanduskoda","robots":{"index":"index","follow":"follow","max-snippet":"max-snippet:-1","max-image-preview":"max-image-preview:large","max-video-preview":"max-video-preview:-1"},"canonical":"https:\/\/fecc.ee\/fi\/pohikiri\/","og_locale":"fi_FI","og_type":"article","og_title":"P\u00f5hikiri | Soome-Eesti Kaubanduskoda","og_description":"SOOME-EESTIKAUBANDUSKODA 1. \u00dcLDS\u00c4TTED 1.1. Soome-Eesti Kaubanduskoda (edaspidi tekstis \u201e\u00dching\u201c), t\u00f5lgituna soome keelde Suomalais-virolainen kauppakamari ja t\u00f5lgituna inglise keelde The Finnish-Estonian Chamber of Commerce, on vabatahtlik mittetulunduslik \u00fching, mis on asutatud 18.09.1996.1.2. \u00dching tegutseb Eesti Vabariigis ja ta juhatuse asukohaks on Tallinn.1.3. \u00dchingu ametlik nimi eesti keeles on Soome-Eesti Kaubanduskoda.1.4. \u00dching on era\u00f5iguslik juriidiline isik, kes [&hellip;]","og_url":"https:\/\/fecc.ee\/fi\/pohikiri\/","og_site_name":"Soome-Eesti Kaubanduskoda","article_publisher":"https:\/\/www.facebook.com\/fecc.soomeeesti\/","article_modified_time":"2026-04-18T15:50:36+00:00","og_image":[{"url":"https:\/\/fecc.ee\/wp-content\/uploads\/2026\/03\/web22-optimized.jpg","type":"","width":"","height":""}],"twitter_card":"summary_large_image","twitter_misc":{"Arvioitu lukuaika":"6 minuuttia"},"schema":{"@context":"https:\/\/schema.org","@graph":[{"@type":"WebPage","@id":"https:\/\/fecc.ee\/pohikiri\/","url":"https:\/\/fecc.ee\/pohikiri\/","name":"P\u00f5hikiri | Soome-Eesti Kaubanduskoda","isPartOf":{"@id":"https:\/\/fecc.ee\/#website"},"primaryImageOfPage":{"@id":"https:\/\/fecc.ee\/pohikiri\/#primaryimage"},"image":{"@id":"https:\/\/fecc.ee\/pohikiri\/#primaryimage"},"thumbnailUrl":"https:\/\/fecc.ee\/wp-content\/uploads\/2026\/03\/web22-optimized.jpg","datePublished":"2025-07-22T08:48:58+00:00","dateModified":"2026-04-18T15:50:36+00:00","breadcrumb":{"@id":"https:\/\/fecc.ee\/pohikiri\/#breadcrumb"},"inLanguage":"fi","potentialAction":[{"@type":"ReadAction","target":["https:\/\/fecc.ee\/pohikiri\/"]}]},{"@type":"ImageObject","inLanguage":"fi","@id":"https:\/\/fecc.ee\/pohikiri\/#primaryimage","url":"https:\/\/fecc.ee\/wp-content\/uploads\/2026\/03\/web22-optimized.jpg","contentUrl":"https:\/\/fecc.ee\/wp-content\/uploads\/2026\/03\/web22-optimized.jpg"},{"@type":"BreadcrumbList","@id":"https:\/\/fecc.ee\/pohikiri\/#breadcrumb","itemListElement":[{"@type":"ListItem","position":1,"name":"Home","item":"https:\/\/fecc.ee\/"},{"@type":"ListItem","position":2,"name":"P\u00f5hikiri"}]},{"@type":"WebSite","@id":"https:\/\/fecc.ee\/#website","url":"https:\/\/fecc.ee\/","name":"Suomalais-Virolainen Kauppakamari","description":"Tere tulemast Soome-Eesti kaubanduskoja kodulehek\u00fcljele. Oleme suurim rahvusvaheline kaubanduskoda Eestis.","publisher":{"@id":"https:\/\/fecc.ee\/#organization"},"potentialAction":[{"@type":"SearchAction","target":{"@type":"EntryPoint","urlTemplate":"https:\/\/fecc.ee\/?s={search_term_string}"},"query-input":{"@type":"PropertyValueSpecification","valueRequired":true,"valueName":"search_term_string"}}],"inLanguage":"fi"},{"@type":"Organization","@id":"https:\/\/fecc.ee\/#organization","name":"Suomalais-Virolainen Kauppakamari","url":"https:\/\/fecc.ee\/","logo":{"@type":"ImageObject","inLanguage":"fi","@id":"https:\/\/fecc.ee\/#\/schema\/logo\/image\/","url":"https:\/\/fecc.ee\/wp-content\/uploads\/2025\/06\/FECC_Logo-1.png","contentUrl":"https:\/\/fecc.ee\/wp-content\/uploads\/2025\/06\/FECC_Logo-1.png","width":944,"height":292,"caption":"Soome-Eesti Kaubanduskoda"},"image":{"@id":"https:\/\/fecc.ee\/#\/schema\/logo\/image\/"},"sameAs":["https:\/\/www.facebook.com\/fecc.soomeeesti\/","https:\/\/www.linkedin.com\/company\/fecc-finnish-estonian-chamber-of-commerce\/"]}]}},"_links":{"self":[{"href":"https:\/\/fecc.ee\/fi\/wp-json\/wp\/v2\/pages\/25032","targetHints":{"allow":["GET"]}}],"collection":[{"href":"https:\/\/fecc.ee\/fi\/wp-json\/wp\/v2\/pages"}],"about":[{"href":"https:\/\/fecc.ee\/fi\/wp-json\/wp\/v2\/types\/page"}],"author":[{"embeddable":true,"href":"https:\/\/fecc.ee\/fi\/wp-json\/wp\/v2\/users\/3"}],"replies":[{"embeddable":true,"href":"https:\/\/fecc.ee\/fi\/wp-json\/wp\/v2\/comments?post=25032"}],"version-history":[{"count":16,"href":"https:\/\/fecc.ee\/fi\/wp-json\/wp\/v2\/pages\/25032\/revisions"}],"predecessor-version":[{"id":26727,"href":"https:\/\/fecc.ee\/fi\/wp-json\/wp\/v2\/pages\/25032\/revisions\/26727"}],"wp:attachment":[{"href":"https:\/\/fecc.ee\/fi\/wp-json\/wp\/v2\/media?parent=25032"}],"curies":[{"name":"wp","href":"https:\/\/api.w.org\/{rel}","templated":true}]}}