{"id":25112,"date":"2025-08-11T14:23:32","date_gmt":"2025-08-11T12:23:32","guid":{"rendered":"https:\/\/fecc.ee\/?page_id=25112"},"modified":"2026-04-18T15:05:52","modified_gmt":"2026-04-18T13:05:52","slug":"andmekaitse","status":"publish","type":"page","link":"https:\/\/fecc.ee\/fi\/andmekaitse\/","title":{"rendered":"TIETOSUOJA"},"content":{"rendered":"<div data-elementor-type=\"wp-page\" data-elementor-id=\"25112\" class=\"elementor elementor-25112\" data-elementor-post-type=\"page\">\n\t\t\t\t\t\t<div class=\"elementor-element elementor-element-2f71667 e-con e-atomic-element e-flexbox-base padding-0\" data-id=\"2f71667\" data-element_type=\"e-flexbox\" data-e-type=\"e-flexbox\" data-interaction-id=\"2f71667\">\n\t\t\t\t\t\t\t<div class=\"elementor-element elementor-element-07goay7 e-con e-atomic-element e-flexbox-base e-8de1965-3980a32\" data-id=\"07goay7\" data-element_type=\"e-flexbox\" data-e-type=\"e-flexbox\" data-interaction-id=\"8de1965\">\n\t\t\t\t\t\t\t\n\t\t<img class=\"e-image-base e-dd60740-02e4c81\" \n\t\t\t\t\tdata-interaction-id=\"dd60740\" \n\t\t \n\t\t \n\t\t\t\t\t\t\t\t\tid=\"10326\"\n\t\t\t\t\t\t\t\t\t\t\t\tsrc=\"https:\/\/fecc.ee\/wp-content\/uploads\/2023\/09\/Valgesoo_mets.jpg\"\n\t\t\t\t\t\t\t\t\t\t\t\twidth=\"1200\"\n\t\t\t\t\t\t\t\t\t\t\t\theight=\"800\"\n\t\t\t\t\t\t\t\t\t\t\t\tsrcset=\"https:\/\/fecc.ee\/wp-content\/uploads\/2023\/09\/Valgesoo_mets.jpg 1200w, https:\/\/fecc.ee\/wp-content\/uploads\/2023\/09\/Valgesoo_mets-300x200.jpg 300w, https:\/\/fecc.ee\/wp-content\/uploads\/2023\/09\/Valgesoo_mets-1024x683.jpg 1024w, https:\/\/fecc.ee\/wp-content\/uploads\/2023\/09\/Valgesoo_mets-768x512.jpg 768w, https:\/\/fecc.ee\/wp-content\/uploads\/2023\/09\/Valgesoo_mets-18x12.jpg 18w, https:\/\/fecc.ee\/wp-content\/uploads\/2023\/09\/Valgesoo_mets-1080x720.jpg 1080w, https:\/\/fecc.ee\/wp-content\/uploads\/2023\/09\/Valgesoo_mets-980x653.jpg 980w, https:\/\/fecc.ee\/wp-content\/uploads\/2023\/09\/Valgesoo_mets-480x320.jpg 480w, https:\/\/fecc.ee\/wp-content\/uploads\/2023\/09\/Valgesoo_mets-500x333.jpg 500w\"\n\t\t\t\t\t\t\t\t\t\t\t\talt=\"\"\n\t\t\t\t\t\t\/>\n\t\t\t\t\t\t<div class=\"e-e6e2b21-a26f132 e-svg-base\" data-interaction-id=\"e6e2b21\"><svg xmlns=\"http:\/\/www.w3.org\/2000\/svg\" fill=\"currentColor\" style=\"width: 100%; height: 100%; overflow: unset;\" viewbox=\"0 0 1000 100\" preserveaspectratio=\"none\"><path class=\"elementor-shape-fill\" d=\"M0,6V0h1000v100L0,6z\"><\/path><\/svg><\/div>\t\t\t\t<div class=\"elementor-element elementor-element-0qbw2oi e-con e-atomic-element e-div-block-base e-be2b4de-e40676f\" data-id=\"0qbw2oi\" data-element_type=\"e-div-block\" data-e-type=\"e-div-block\" data-interaction-id=\"be2b4de\">\n\t\t\t\t<\/div>\n\t\t\t\t<div class=\"elementor-element elementor-element-04egpnt e-con e-atomic-element e-div-block-base e-9de6564-0606280 max-width padding-0\" data-id=\"04egpnt\" data-element_type=\"e-div-block\" data-e-type=\"e-div-block\" data-interaction-id=\"9de6564\">\n\t\t\t\t\t\t\t<h1 \n\t\tdata-interaction-id=\"bb6a6b7\" \n\t\tclass=\"title-size-1 e-heading-base\" \n\t\t \n\t\t\n\t>\n\t\n\t\t\tTIETOSUOJA\n\t\t<\/h1>\n\t\t\t\t\t\n<hr class=\"divider-white e-850bc71-45e81af e-divider-base\" data-interaction-id=\"850bc71\"   \/>\n\t\t\t\t<\/div>\n\t\t\t\t<\/div>\n\t\t\n\t\t\t\t<\/div>\n\t\t\t\t<div class=\"elementor-element elementor-element-6d5788c e-con e-atomic-element e-flexbox-base max-width e-6d5788c-d0a3b99 section-padding-bottom\" data-id=\"6d5788c\" data-element_type=\"e-flexbox\" data-e-type=\"e-flexbox\" data-interaction-id=\"6d5788c\">\n\t\t\t\t\t\t\t<h2 \n\t\tdata-interaction-id=\"66a7f99\" \n\t\tclass=\"title-negative-bottom-margin title-size-2 e-heading-base\" \n\t\t \n\t\t\n\t>\n\t\n\t\t\tMT\u00dc Soome-Eesti Kaubanduskojan (\u201eFECC\u201c) k\u00e4sittelem\u00e4t henkil\u00f6tiedot\n\t\t<\/h2>\n\t\t\t\t\t\t\t\t<p class=\"default-text e-df8dfd7-bc50fbf e-paragraph-base\" data-interaction-id=\"df8dfd7\"  >\n\t\t\t\t\t\t\t\tFECC k\u00e4sittelee seuraavia henkil\u00f6tietoja:\n\t\t\t\t\t<\/p>\n\t\t\t\t<div class=\"elementor-element elementor-element-8c11413 elementor-widget elementor-widget-text-editor\" data-id=\"8c11413\" data-element_type=\"widget\" data-e-type=\"widget\" data-widget_type=\"text-editor.default\">\n\t\t\t\t\t\t\t\t\t<ul class=\"ul1\"><li class=\"li3\">nimi<\/li><li class=\"li3\">puhelinnumero<\/li><li class=\"li3\">s\u00e4hk\u00f6postiosoite<\/li><li class=\"li2\">valokuvat<\/li><\/ul>\t\t\t\t\t\t\t\t<\/div>\n\t\t\t\t\t\t\t<h2 \n\t\tdata-interaction-id=\"6850f69\" \n\t\tclass=\"title-negative-bottom-margin title-size-2 e-heading-base\" \n\t\t \n\t\t\n\t>\n\t\n\t\t\tHenkil\u00f6tietojen k\u00e4yt\u00f6n tarkoitus\n\t\t<\/h2>\n\t\t\t\t\t\t\t\t<p class=\"default-text e-c301959-7413393 e-paragraph-base\" data-interaction-id=\"c301959\"  >\n\t\t\t\t\t\t\t\tHenkil\u00f6tietoja k\u00e4ytet\u00e4\u00e4n vain FECC:in j\u00e4senten (juridisten henkil\u00f6iden) edustajien (luonnolliset henkil\u00f6t) tiedottamiseksi FECC:in j\u00e4rjest\u00e4mist\u00e4 tilaisuuksista sek\u00e4 FECC:in s\u00e4\u00e4nn\u00f6llisesti julkaistavan uutiskirjeen l\u00e4hett\u00e4miseksi. Valokuvia k\u00e4ytet\u00e4\u00e4n FECC:in tapahtumien kuvituksissa.\n\t\t\t\t\t<\/p>\n\t\t\t\t\t\t\t<h2 \n\t\tdata-interaction-id=\"04462ca\" \n\t\tclass=\"title-negative-bottom-margin title-size-2 e-heading-base\" \n\t\t \n\t\t\n\t>\n\t\n\t\t\tHenkil\u00f6tietojen k\u00e4yt\u00f6n oikeudellinen peruste\n\t\t<\/h2>\n\t\t\t\t\t\t\t\t<p class=\"default-text e-c2b5ebb-ddb9c6b e-paragraph-base\" data-interaction-id=\"c2b5ebb\"  >\n\t\t\t\t\t\t\t\tFECC k\u00e4ytt\u00e4\u00e4 henkil\u00f6tietoja Viron rekister\u00f6ityj\u00e4 yhdistyksi\u00e4 s\u00e4\u00e4telev\u00e4ss\u00e4 laissa (mittetulundus\u00fchingute seadus) m\u00e4\u00e4r\u00e4ttyjen teht\u00e4vien hoitamiseksi. Valokuvia k\u00e4ytet\u00e4\u00e4n ja uutiskirjett\u00e4 l\u00e4hetet\u00e4\u00e4n teid\u00e4n suostumuksellanne.\n\t\t\t\t\t<\/p>\n\t\t\t\t\t\t\t<h2 \n\t\tdata-interaction-id=\"1841197\" \n\t\tclass=\"title-negative-bottom-margin title-size-2 e-heading-base\" \n\t\t \n\t\t\n\t>\n\t\n\t\t\tOikeus tutustua ker\u00e4ttyihin henkil\u00f6tietoihin\n\t\t<\/h2>\n\t\t\t\t\t\t\t\t<p class=\"default-text e-1774a74-2c9e2fd e-paragraph-base\" data-interaction-id=\"1774a74\"  >\n\t\t\t\t\t\t\t\tTeill\u00e4 on oikeus tutustua teist\u00e4 ker\u00e4ttyihin henkil\u00f6tietoihin sek\u00e4 vaatia oikaisua v\u00e4\u00e4riin henkil\u00f6tietoihin ottamalla yhteytt\u00e4 s\u00e4hk\u00f6postitse (info@fecc.ee).\n\t\t\t\t\t<\/p>\n\t\t\t\t\t\t\t<h2 \n\t\tdata-interaction-id=\"066e20f\" \n\t\tclass=\"title-negative-bottom-margin title-size-2 e-heading-base\" \n\t\t \n\t\t\n\t>\n\t\n\t\t\tOikeus vaatia ker\u00e4ttyjen tietojen l\u00e4hett\u00e4mist\u00e4\n\t\t<\/h2>\n\t\t\t\t\t\t\t\t<p class=\"default-text e-69c22f6-940d43e e-paragraph-base\" data-interaction-id=\"69c22f6\"  >\n\t\t\t\t\t\t\t\tTeill\u00e4 on oikeus vaatia omien henkil\u00f6tietojen l\u00e4hett\u00e4mist\u00e4 esitt\u00e4m\u00e4ll\u00e4 pyynt\u00f6 s\u00e4hk\u00f6postitse. FECC l\u00e4hett\u00e4\u00e4 tiedot sen j\u00e4lkeen kun pyyt\u00e4j\u00e4n henkil\u00f6llisyys on tarkistettu.\n\t\t\t\t\t<\/p>\n\t\t\t\t\t\t\t<h2 \n\t\tdata-interaction-id=\"3e3d81d\" \n\t\tclass=\"title-negative-bottom-margin title-size-2 e-heading-base\" \n\t\t \n\t\t\n\t>\n\t\n\t\t\tOikeus vaatia tietojen poistamista\n\t\t<\/h2>\n\t\t\t\t\t\t\t\t<p class=\"default-text e-63d14fb-5939524 e-paragraph-base\" data-interaction-id=\"63d14fb\"  >\n\t\t\t\t\t\t\t\tTeill\u00e4 oikeus poistaa omat tiedot, mukaan lukien valokuvat, ottamalla yhteytt\u00e4 FECC:iin s\u00e4hk\u00f6postitse. FECC:in on vastattava pyynt\u00f6\u00f6nne sek\u00e4 poistettava tiedot jollei laki edellyt\u00e4 tietojen s\u00e4ilytt\u00e4mist\u00e4.\n\t\t\t\t\t<\/p>\n\t\t\t\t\t\t\t<h2 \n\t\tdata-interaction-id=\"a19db5e\" \n\t\tclass=\"title-negative-bottom-margin title-size-2 e-heading-base\" \n\t\t \n\t\t\n\t>\n\t\n\t\t\tFECC:in uutiskirjeen peruuttaminen\n\t\t<\/h2>\n\t\t\t\t\t\t\t\t<p class=\"default-text e-3762c25-408ffb5 e-paragraph-base\" data-interaction-id=\"3762c25\"  >\n\t\t\t\t\t\t\t\tTeill\u00e4 on oikeus peruuttaa uutiskirje. Peruutus voidaan tehd\u00e4 uutiskirjeess\u00e4 olevan linkin kautta tai olemalla yhteydess\u00e4 FECC:iin s\u00e4hk\u00f6postitse.\n\t\t\t\t\t<\/p>\n\t\t\t\t\t\t\t<h2 \n\t\tdata-interaction-id=\"c79c176\" \n\t\tclass=\"title-negative-bottom-margin title-size-2 e-heading-base\" \n\t\t \n\t\t\n\t>\n\t\n\t\t\tEv\u00e4steet&nbsp;<em>(cookies)<\/em>:\n\t\t<\/h2>\n\t\t\t\t\t\t\t\t<p class=\"default-text e-b33e221-d290724 e-paragraph-base\" data-interaction-id=\"b33e221\"  >\n\t\t\t\t\t\t\t\tFECC:in kotisivut k\u00e4ytt\u00e4v\u00e4t ev\u00e4steit\u00e4 verkkoliikenteen analysointia ja tilastointia varten. Kaikki tiedot joita ev\u00e4steet ker\u00e4\u00e4v\u00e4t, ovat anonyymej\u00e4 eik\u00e4 niist\u00e4 ole mahdollista yksil\u00f6id\u00e4 henkil\u00f6\u00e4. Voitte poistaa tietokoneellanne olevat ev\u00e4steet tai est\u00e4\u00e4 ev\u00e4steet selaimen asetuksista.<br><br>Henkil\u00f6tietosuojaa ja tietojenk\u00e4sittelyn valvontaa hoitaa ja valvoo Viron tietosuojavaltuutettu, Andmekaitse Inspektsioon.\n\t\t\t\t\t<\/p>\n\t\t\t\t<\/div>\n\t\t\t\t<\/div>","protected":false},"excerpt":{"rendered":"<p>SOOME-EESTIKAUBANDUSKODA MT\u00dc Soome-Eesti Kaubanduskoja isikuandmete t\u00f6\u00f6tlemine Koda kasutab j\u00e4rgnevaid isikuandmeid: nimi telefoninumber e-maili aadress fotod Isikuandmete kasutamise eesm\u00e4rk Isikuandmeid kasutatakse ainult koja liikmete (juriidilised isikud) esindajate (f\u00fc\u00fcsilised isikud) teavitamiseks koja korraldatavatest \u00fcritustest, samuti koja regulaarse uudiskirja edastamiseks. Fotosid kasutatakse koja \u00fcrituste kajastamiseks. Isikuandmete kasutamise \u00f5iguslik alus Koda kasutab isikuandmeid mittetulundus\u00fchingute seaduses s\u00e4testatud \u00fclesannete t\u00e4itmiseks. Fotosid [&hellip;]<\/p>\n","protected":false},"author":3,"featured_media":0,"parent":0,"menu_order":0,"comment_status":"closed","ping_status":"closed","template":"","meta":{"_acf_changed":false,"footnotes":""},"class_list":["post-25112","page","type-page","status-publish","hentry"],"acf":[],"yoast_head":"<!-- This site is optimized with the Yoast SEO plugin v27.4 - https:\/\/yoast.com\/product\/yoast-seo-wordpress\/ -->\n<title>Andmekaitse | Soome-Eesti Kaubanduskoda<\/title>\n<meta name=\"robots\" content=\"index, follow, max-snippet:-1, max-image-preview:large, max-video-preview:-1\" \/>\n<link rel=\"canonical\" href=\"https:\/\/fecc.ee\/fi\/andmekaitse\/\" \/>\n<meta property=\"og:locale\" content=\"fi_FI\" \/>\n<meta property=\"og:type\" content=\"article\" \/>\n<meta property=\"og:title\" content=\"Andmekaitse | Soome-Eesti Kaubanduskoda\" \/>\n<meta property=\"og:description\" content=\"SOOME-EESTIKAUBANDUSKODA MT\u00dc Soome-Eesti Kaubanduskoja isikuandmete t\u00f6\u00f6tlemine Koda kasutab j\u00e4rgnevaid isikuandmeid: nimi telefoninumber e-maili aadress fotod Isikuandmete kasutamise eesm\u00e4rk Isikuandmeid kasutatakse ainult koja liikmete (juriidilised isikud) esindajate (f\u00fc\u00fcsilised isikud) teavitamiseks koja korraldatavatest \u00fcritustest, samuti koja regulaarse uudiskirja edastamiseks. Fotosid kasutatakse koja \u00fcrituste kajastamiseks. Isikuandmete kasutamise \u00f5iguslik alus Koda kasutab isikuandmeid mittetulundus\u00fchingute seaduses s\u00e4testatud \u00fclesannete t\u00e4itmiseks. Fotosid [&hellip;]\" \/>\n<meta property=\"og:url\" content=\"https:\/\/fecc.ee\/fi\/andmekaitse\/\" \/>\n<meta property=\"og:site_name\" content=\"Soome-Eesti Kaubanduskoda\" \/>\n<meta property=\"article:publisher\" content=\"https:\/\/www.facebook.com\/fecc.soomeeesti\/\" \/>\n<meta property=\"article:modified_time\" content=\"2026-04-18T13:05:52+00:00\" \/>\n<meta property=\"og:image\" content=\"https:\/\/fecc.ee\/wp-content\/uploads\/2026\/03\/web22-optimized.jpg\" \/>\n<meta name=\"twitter:card\" content=\"summary_large_image\" \/>\n<meta name=\"twitter:label1\" content=\"Arvioitu lukuaika\" \/>\n\t<meta name=\"twitter:data1\" content=\"1 minuutti\" \/>\n<script type=\"application\/ld+json\" class=\"yoast-schema-graph\">{\"@context\":\"https:\\\/\\\/schema.org\",\"@graph\":[{\"@type\":\"WebPage\",\"@id\":\"https:\\\/\\\/fecc.ee\\\/andmekaitse\\\/\",\"url\":\"https:\\\/\\\/fecc.ee\\\/andmekaitse\\\/\",\"name\":\"Andmekaitse | Soome-Eesti Kaubanduskoda\",\"isPartOf\":{\"@id\":\"https:\\\/\\\/fecc.ee\\\/#website\"},\"primaryImageOfPage\":{\"@id\":\"https:\\\/\\\/fecc.ee\\\/andmekaitse\\\/#primaryimage\"},\"image\":{\"@id\":\"https:\\\/\\\/fecc.ee\\\/andmekaitse\\\/#primaryimage\"},\"thumbnailUrl\":\"https:\\\/\\\/fecc.ee\\\/wp-content\\\/uploads\\\/2026\\\/03\\\/web22-optimized.jpg\",\"datePublished\":\"2025-08-11T12:23:32+00:00\",\"dateModified\":\"2026-04-18T13:05:52+00:00\",\"breadcrumb\":{\"@id\":\"https:\\\/\\\/fecc.ee\\\/andmekaitse\\\/#breadcrumb\"},\"inLanguage\":\"fi\",\"potentialAction\":[{\"@type\":\"ReadAction\",\"target\":[\"https:\\\/\\\/fecc.ee\\\/andmekaitse\\\/\"]}]},{\"@type\":\"ImageObject\",\"inLanguage\":\"fi\",\"@id\":\"https:\\\/\\\/fecc.ee\\\/andmekaitse\\\/#primaryimage\",\"url\":\"https:\\\/\\\/fecc.ee\\\/wp-content\\\/uploads\\\/2026\\\/03\\\/web22-optimized.jpg\",\"contentUrl\":\"https:\\\/\\\/fecc.ee\\\/wp-content\\\/uploads\\\/2026\\\/03\\\/web22-optimized.jpg\"},{\"@type\":\"BreadcrumbList\",\"@id\":\"https:\\\/\\\/fecc.ee\\\/andmekaitse\\\/#breadcrumb\",\"itemListElement\":[{\"@type\":\"ListItem\",\"position\":1,\"name\":\"Home\",\"item\":\"https:\\\/\\\/fecc.ee\\\/\"},{\"@type\":\"ListItem\",\"position\":2,\"name\":\"Andmekaitse\"}]},{\"@type\":\"WebSite\",\"@id\":\"https:\\\/\\\/fecc.ee\\\/#website\",\"url\":\"https:\\\/\\\/fecc.ee\\\/\",\"name\":\"Soome-Eesti Kaubanduskoda\",\"description\":\"Tere tulemast Soome-Eesti kaubanduskoja kodulehek\u00fcljele. Oleme suurim rahvusvaheline kaubanduskoda Eestis.\",\"publisher\":{\"@id\":\"https:\\\/\\\/fecc.ee\\\/#organization\"},\"potentialAction\":[{\"@type\":\"SearchAction\",\"target\":{\"@type\":\"EntryPoint\",\"urlTemplate\":\"https:\\\/\\\/fecc.ee\\\/?s={search_term_string}\"},\"query-input\":{\"@type\":\"PropertyValueSpecification\",\"valueRequired\":true,\"valueName\":\"search_term_string\"}}],\"inLanguage\":\"fi\"},{\"@type\":\"Organization\",\"@id\":\"https:\\\/\\\/fecc.ee\\\/#organization\",\"name\":\"Soome-Eesti Kaubanduskoda\",\"url\":\"https:\\\/\\\/fecc.ee\\\/\",\"logo\":{\"@type\":\"ImageObject\",\"inLanguage\":\"fi\",\"@id\":\"https:\\\/\\\/fecc.ee\\\/#\\\/schema\\\/logo\\\/image\\\/\",\"url\":\"https:\\\/\\\/fecc.ee\\\/wp-content\\\/uploads\\\/2025\\\/06\\\/FECC_Logo-1.png\",\"contentUrl\":\"https:\\\/\\\/fecc.ee\\\/wp-content\\\/uploads\\\/2025\\\/06\\\/FECC_Logo-1.png\",\"width\":944,\"height\":292,\"caption\":\"Soome-Eesti Kaubanduskoda\"},\"image\":{\"@id\":\"https:\\\/\\\/fecc.ee\\\/#\\\/schema\\\/logo\\\/image\\\/\"},\"sameAs\":[\"https:\\\/\\\/www.facebook.com\\\/fecc.soomeeesti\\\/\",\"https:\\\/\\\/www.linkedin.com\\\/company\\\/fecc-finnish-estonian-chamber-of-commerce\\\/\"]}]}<\/script>\n<!-- \/ Yoast SEO plugin. -->","yoast_head_json":{"title":"Andmekaitse | Soome-Eesti Kaubanduskoda","robots":{"index":"index","follow":"follow","max-snippet":"max-snippet:-1","max-image-preview":"max-image-preview:large","max-video-preview":"max-video-preview:-1"},"canonical":"https:\/\/fecc.ee\/fi\/andmekaitse\/","og_locale":"fi_FI","og_type":"article","og_title":"Andmekaitse | Soome-Eesti Kaubanduskoda","og_description":"SOOME-EESTIKAUBANDUSKODA MT\u00dc Soome-Eesti Kaubanduskoja isikuandmete t\u00f6\u00f6tlemine Koda kasutab j\u00e4rgnevaid isikuandmeid: nimi telefoninumber e-maili aadress fotod Isikuandmete kasutamise eesm\u00e4rk Isikuandmeid kasutatakse ainult koja liikmete (juriidilised isikud) esindajate (f\u00fc\u00fcsilised isikud) teavitamiseks koja korraldatavatest \u00fcritustest, samuti koja regulaarse uudiskirja edastamiseks. Fotosid kasutatakse koja \u00fcrituste kajastamiseks. Isikuandmete kasutamise \u00f5iguslik alus Koda kasutab isikuandmeid mittetulundus\u00fchingute seaduses s\u00e4testatud \u00fclesannete t\u00e4itmiseks. Fotosid [&hellip;]","og_url":"https:\/\/fecc.ee\/fi\/andmekaitse\/","og_site_name":"Soome-Eesti Kaubanduskoda","article_publisher":"https:\/\/www.facebook.com\/fecc.soomeeesti\/","article_modified_time":"2026-04-18T13:05:52+00:00","og_image":[{"url":"https:\/\/fecc.ee\/wp-content\/uploads\/2026\/03\/web22-optimized.jpg","type":"","width":"","height":""}],"twitter_card":"summary_large_image","twitter_misc":{"Arvioitu lukuaika":"1 minuutti"},"schema":{"@context":"https:\/\/schema.org","@graph":[{"@type":"WebPage","@id":"https:\/\/fecc.ee\/andmekaitse\/","url":"https:\/\/fecc.ee\/andmekaitse\/","name":"Andmekaitse | Soome-Eesti Kaubanduskoda","isPartOf":{"@id":"https:\/\/fecc.ee\/#website"},"primaryImageOfPage":{"@id":"https:\/\/fecc.ee\/andmekaitse\/#primaryimage"},"image":{"@id":"https:\/\/fecc.ee\/andmekaitse\/#primaryimage"},"thumbnailUrl":"https:\/\/fecc.ee\/wp-content\/uploads\/2026\/03\/web22-optimized.jpg","datePublished":"2025-08-11T12:23:32+00:00","dateModified":"2026-04-18T13:05:52+00:00","breadcrumb":{"@id":"https:\/\/fecc.ee\/andmekaitse\/#breadcrumb"},"inLanguage":"fi","potentialAction":[{"@type":"ReadAction","target":["https:\/\/fecc.ee\/andmekaitse\/"]}]},{"@type":"ImageObject","inLanguage":"fi","@id":"https:\/\/fecc.ee\/andmekaitse\/#primaryimage","url":"https:\/\/fecc.ee\/wp-content\/uploads\/2026\/03\/web22-optimized.jpg","contentUrl":"https:\/\/fecc.ee\/wp-content\/uploads\/2026\/03\/web22-optimized.jpg"},{"@type":"BreadcrumbList","@id":"https:\/\/fecc.ee\/andmekaitse\/#breadcrumb","itemListElement":[{"@type":"ListItem","position":1,"name":"Home","item":"https:\/\/fecc.ee\/"},{"@type":"ListItem","position":2,"name":"Andmekaitse"}]},{"@type":"WebSite","@id":"https:\/\/fecc.ee\/#website","url":"https:\/\/fecc.ee\/","name":"Suomalais-Virolainen Kauppakamari","description":"Tere tulemast Soome-Eesti kaubanduskoja kodulehek\u00fcljele. Oleme suurim rahvusvaheline kaubanduskoda Eestis.","publisher":{"@id":"https:\/\/fecc.ee\/#organization"},"potentialAction":[{"@type":"SearchAction","target":{"@type":"EntryPoint","urlTemplate":"https:\/\/fecc.ee\/?s={search_term_string}"},"query-input":{"@type":"PropertyValueSpecification","valueRequired":true,"valueName":"search_term_string"}}],"inLanguage":"fi"},{"@type":"Organization","@id":"https:\/\/fecc.ee\/#organization","name":"Suomalais-Virolainen Kauppakamari","url":"https:\/\/fecc.ee\/","logo":{"@type":"ImageObject","inLanguage":"fi","@id":"https:\/\/fecc.ee\/#\/schema\/logo\/image\/","url":"https:\/\/fecc.ee\/wp-content\/uploads\/2025\/06\/FECC_Logo-1.png","contentUrl":"https:\/\/fecc.ee\/wp-content\/uploads\/2025\/06\/FECC_Logo-1.png","width":944,"height":292,"caption":"Soome-Eesti Kaubanduskoda"},"image":{"@id":"https:\/\/fecc.ee\/#\/schema\/logo\/image\/"},"sameAs":["https:\/\/www.facebook.com\/fecc.soomeeesti\/","https:\/\/www.linkedin.com\/company\/fecc-finnish-estonian-chamber-of-commerce\/"]}]}},"_links":{"self":[{"href":"https:\/\/fecc.ee\/fi\/wp-json\/wp\/v2\/pages\/25112","targetHints":{"allow":["GET"]}}],"collection":[{"href":"https:\/\/fecc.ee\/fi\/wp-json\/wp\/v2\/pages"}],"about":[{"href":"https:\/\/fecc.ee\/fi\/wp-json\/wp\/v2\/types\/page"}],"author":[{"embeddable":true,"href":"https:\/\/fecc.ee\/fi\/wp-json\/wp\/v2\/users\/3"}],"replies":[{"embeddable":true,"href":"https:\/\/fecc.ee\/fi\/wp-json\/wp\/v2\/comments?post=25112"}],"version-history":[{"count":31,"href":"https:\/\/fecc.ee\/fi\/wp-json\/wp\/v2\/pages\/25112\/revisions"}],"predecessor-version":[{"id":26698,"href":"https:\/\/fecc.ee\/fi\/wp-json\/wp\/v2\/pages\/25112\/revisions\/26698"}],"wp:attachment":[{"href":"https:\/\/fecc.ee\/fi\/wp-json\/wp\/v2\/media?parent=25112"}],"curies":[{"name":"wp","href":"https:\/\/api.w.org\/{rel}","templated":true}]}}