{"id":580,"date":"2025-05-16T13:27:06","date_gmt":"2025-05-16T11:27:06","guid":{"rendered":"https:\/\/fecc.ee\/?page_id=580"},"modified":"2026-04-18T18:31:56","modified_gmt":"2026-04-18T16:31:56","slug":"registreeri","status":"publish","type":"page","link":"https:\/\/fecc.ee\/fi\/registreeri\/","title":{"rendered":"Tulevat tapahtumat"},"content":{"rendered":"<div data-elementor-type=\"wp-page\" data-elementor-id=\"580\" class=\"elementor elementor-580\" data-elementor-post-type=\"page\">\n\t\t\t\t\t\t<div class=\"elementor-element elementor-element-3a0ff40 e-con e-atomic-element e-flexbox-base padding-0\" data-id=\"3a0ff40\" data-element_type=\"e-flexbox\" data-e-type=\"e-flexbox\" data-interaction-id=\"3a0ff40\">\n\t\t\t\t\t\t\t<div class=\"elementor-element elementor-element-0o93lcl e-con e-atomic-element e-flexbox-base e-8de1965-3980a32\" data-id=\"0o93lcl\" data-element_type=\"e-flexbox\" data-e-type=\"e-flexbox\" data-interaction-id=\"8de1965\">\n\t\t\t\t\t\t\t\n\t\t<img class=\"e-image-base e-dd60740-02e4c81\" \n\t\t\t\t\tdata-interaction-id=\"dd60740\" \n\t\t \n\t\t \n\t\t\t\t\t\t\t\t\tid=\"10368\"\n\t\t\t\t\t\t\t\t\t\t\t\tsrc=\"https:\/\/fecc.ee\/wp-content\/uploads\/2023\/09\/view-city-tallinn-estonia-min-scaled.jpg\"\n\t\t\t\t\t\t\t\t\t\t\t\twidth=\"2560\"\n\t\t\t\t\t\t\t\t\t\t\t\theight=\"1152\"\n\t\t\t\t\t\t\t\t\t\t\t\tsrcset=\"https:\/\/fecc.ee\/wp-content\/uploads\/2023\/09\/view-city-tallinn-estonia-min-scaled.jpg 2560w, https:\/\/fecc.ee\/wp-content\/uploads\/2023\/09\/view-city-tallinn-estonia-min-300x135.jpg 300w, https:\/\/fecc.ee\/wp-content\/uploads\/2023\/09\/view-city-tallinn-estonia-min-1024x461.jpg 1024w, https:\/\/fecc.ee\/wp-content\/uploads\/2023\/09\/view-city-tallinn-estonia-min-768x346.jpg 768w, https:\/\/fecc.ee\/wp-content\/uploads\/2023\/09\/view-city-tallinn-estonia-min-1536x691.jpg 1536w, https:\/\/fecc.ee\/wp-content\/uploads\/2023\/09\/view-city-tallinn-estonia-min-2048x922.jpg 2048w, https:\/\/fecc.ee\/wp-content\/uploads\/2023\/09\/view-city-tallinn-estonia-min-18x8.jpg 18w, https:\/\/fecc.ee\/wp-content\/uploads\/2023\/09\/view-city-tallinn-estonia-min-1080x486.jpg 1080w, https:\/\/fecc.ee\/wp-content\/uploads\/2023\/09\/view-city-tallinn-estonia-min-1280x576.jpg 1280w, https:\/\/fecc.ee\/wp-content\/uploads\/2023\/09\/view-city-tallinn-estonia-min-980x441.jpg 980w, https:\/\/fecc.ee\/wp-content\/uploads\/2023\/09\/view-city-tallinn-estonia-min-480x216.jpg 480w, https:\/\/fecc.ee\/wp-content\/uploads\/2023\/09\/view-city-tallinn-estonia-min-500x225.jpg 500w\"\n\t\t\t\t\t\t\t\t\t\t\t\talt=\"\"\n\t\t\t\t\t\t\/>\n\t\t\t\t\t\t<div class=\"e-e6e2b21-a26f132 e-svg-base\" data-interaction-id=\"e6e2b21\"><svg xmlns=\"http:\/\/www.w3.org\/2000\/svg\" fill=\"currentColor\" style=\"width: 100%; height: 100%; overflow: unset;\" viewbox=\"0 0 1000 100\" preserveaspectratio=\"none\"><path class=\"elementor-shape-fill\" d=\"M0,6V0h1000v100L0,6z\"><\/path><\/svg><\/div>\t\t\t\t<div class=\"elementor-element elementor-element-1u3bu08 e-con e-atomic-element e-div-block-base e-be2b4de-e40676f\" data-id=\"1u3bu08\" data-element_type=\"e-div-block\" data-e-type=\"e-div-block\" data-interaction-id=\"be2b4de\">\n\t\t\t\t<\/div>\n\t\t\t\t<div class=\"elementor-element elementor-element-0btarir e-con e-atomic-element e-div-block-base e-9de6564-0606280 max-width padding-0\" data-id=\"0btarir\" data-element_type=\"e-div-block\" data-e-type=\"e-div-block\" data-interaction-id=\"9de6564\">\n\t\t\t\t\t\t\t<h1 \n\t\tdata-interaction-id=\"bb6a6b7\" \n\t\tclass=\"title-size-1 e-heading-base\" \n\t\t \n\t\t\n\t>\n\t\n\t\t\tTULEVAT<br>TAPAHTUMAT\n\t\t<\/h1>\n\t\t\t\t\t\n<hr class=\"divider-white e-850bc71-45e81af e-divider-base\" data-interaction-id=\"850bc71\"   \/>\n\t\t\t\t<\/div>\n\t\t\t\t<\/div>\n\t\t\n\t\t\t\t<\/div>\n\t\t<div class=\"elementor-element elementor-element-117641e e-flex e-con-boxed e-con e-parent\" data-id=\"117641e\" data-element_type=\"container\" data-e-type=\"container\">\n\t\t\t\t\t<div class=\"e-con-inner\">\n\t\t\t\t<div class=\"elementor-element elementor-element-3b5e4de elementor-widget elementor-widget-shortcode\" data-id=\"3b5e4de\" data-element_type=\"widget\" data-e-type=\"widget\" data-widget_type=\"shortcode.default\">\n\t\t\t\t\t\t\t<div class=\"elementor-shortcode\">    <div class=\"events-plus-2\">\r\n        <div class=\"events-list\">\r\n            \r\n                <div class=\"i8em\" style=\"border-right-color: #123456;\">\r\n                    <div class=\"col-lg-2 col-sm-3 col-xs-4 t7umb\">\r\n                        <a href=\"https:\/\/fecc.ee\/fi\/registration\/?action=evrplusegister&event_id=19\"><img decoding=\"async\" src=\"https:\/\/fecc.ee\/wp-content\/uploads\/2026\/04\/BOWLING-NIGHT-Presentation-1-150x150.jpg\" alt=\"BOWLING NIGHT - 14.05.2026\"><\/a>\r\n                                                    <div class=\"sea8s\">\r\n                                Open Seats                                <label style=\"background-color: #123456; color: #FFFFFF;\">30<\/label>\r\n                            <\/div>\r\n                                            <\/div>\r\n                    <div class=\"col-lg-10 col-sm-9 col-xs-8\">\r\n                        <h2 class=\"ti8le\"><a href=\"https:\/\/fecc.ee\/fi\/registration\/?action=evrplusegister&event_id=19\" title=\"BOWLING NIGHT - 14.05.2026\">BOWLING NIGHT - 14.05.2026<\/a><\/h2>\r\n                        <div class=\"me8a\">\r\n                            <span> <i class=\"fa fa-calendar\" aria-hidden=\"true\"><\/i> 14 touko 2026<\/span>\r\n                            <span> <i class=\"fa fa-clock-o\" aria-hidden=\"true\"><\/i> 18:00  - 20:00<\/span>\r\n                                                    <\/div>\r\n                        <p class=\"d3sc\">PINFALL NIGHT \u2013 miss\u00e4 keilat kaatuu ja fiilis nousee!\r\nTervetuloa mukaan vauhdikkaaseen keilailuiltaan! PINFALL NIGHT tarjoaa hyv\u00e4\u00e4 seuraa, sopivaa...<\/p>\r\n\r\n                                            <\/div>\r\n                    <div class=\"clearfix\"><\/div>\r\n                <\/div>\r\n            \r\n                <div class=\"i8em\" style=\"border-right-color: #123456;\">\r\n                    <div class=\"col-lg-2 col-sm-3 col-xs-4 t7umb\">\r\n                        <a href=\"https:\/\/fecc.ee\/fi\/registration\/?action=evrplusegister&event_id=17\"><img decoding=\"async\" src=\"https:\/\/fecc.ee\/wp-content\/uploads\/2025\/06\/proekspert-logo_01-sinine-150x150.png\" alt=\"Member invites you over 26.5.2026 - Proekspert As\"><\/a>\r\n                                                    <div class=\"sea8s\">\r\n                                Open Seats                                <label style=\"background-color: #123456; color: #FFFFFF;\">50<\/label>\r\n                            <\/div>\r\n                                            <\/div>\r\n                    <div class=\"col-lg-10 col-sm-9 col-xs-8\">\r\n                        <h2 class=\"ti8le\"><a href=\"https:\/\/fecc.ee\/fi\/registration\/?action=evrplusegister&event_id=17\" title=\"Member invites you over 26.5.2026 - Proekspert As\">Member invites you over 26.5.2026 - Proekspert As<\/a><\/h2>\r\n                        <div class=\"me8a\">\r\n                            <span> <i class=\"fa fa-calendar\" aria-hidden=\"true\"><\/i> 26 touko 2026<\/span>\r\n                            <span> <i class=\"fa fa-clock-o\" aria-hidden=\"true\"><\/i> 15:00  - 17:00<\/span>\r\n                                                    <\/div>\r\n                        <p class=\"d3sc\">Proekspert\u00a0warmly invites all FECC members to\u00a0the\u00a0Proekspert\u00a0AS\u00a0office in Tallinn\u00a0for an afternoon focused on AI and cybersecurity in industrial...<\/p>\r\n\r\n                                            <\/div>\r\n                    <div class=\"clearfix\"><\/div>\r\n                <\/div>\r\n            \r\n                <div class=\"i8em\" style=\"border-right-color: #123456;\">\r\n                    <div class=\"col-lg-2 col-sm-3 col-xs-4 t7umb\">\r\n                        <a href=\"https:\/\/fecc.ee\/fi\/registration\/?action=evrplusegister&event_id=16\"><img decoding=\"async\" src=\"https:\/\/fecc.ee\/wp-content\/uploads\/2026\/03\/ChatGPT-Image-Mar-25-2026-01_26_28-PM-150x150.png\" alt=\"FECC Grillijuhla I Grillipidu\"><\/a>\r\n                                                    <div class=\"sea8s\">\r\n                                Open Seats                                <label style=\"background-color: #123456; color: #FFFFFF;\">60<\/label>\r\n                            <\/div>\r\n                                            <\/div>\r\n                    <div class=\"col-lg-10 col-sm-9 col-xs-8\">\r\n                        <h2 class=\"ti8le\"><a href=\"https:\/\/fecc.ee\/fi\/registration\/?action=evrplusegister&event_id=16\" title=\"FECC Grillijuhla I Grillipidu\">FECC Grillijuhla I Grillipidu<\/a><\/h2>\r\n                        <div class=\"me8a\">\r\n                            <span> <i class=\"fa fa-calendar\" aria-hidden=\"true\"><\/i> 12 kes\u00e4 2026 - 13 kes\u00e4 2026<\/span>\r\n                            <span> <i class=\"fa fa-clock-o\" aria-hidden=\"true\"><\/i> 12:00 <\/span>\r\n                                                    <\/div>\r\n                        <p class=\"d3sc\">TERE HEA FECC-I LIIGE!\r\nTere tulemast osalema FECC-i Grillipeol 2026, mis toimub seekord koost\u00f6\u00f6s P\u00e4rnu Grillfestiga 12-13 juunil 2026\r\n\r\n\u00dcrituse ajaks...<\/p>\r\n\r\n                                            <\/div>\r\n                    <div class=\"clearfix\"><\/div>\r\n                <\/div>\r\n            \r\n                <div class=\"i8em\" style=\"border-right-color: #123456;\">\r\n                    <div class=\"col-lg-2 col-sm-3 col-xs-4 t7umb\">\r\n                        <a href=\"https:\/\/fecc.ee\/fi\/registration\/?action=evrplusegister&event_id=18\"><img decoding=\"async\" src=\"https:\/\/fecc.ee\/wp-content\/uploads\/2026\/04\/FECC-Golf-e1776174216413-150x150.png\" alt=\"SAVE THE DATE 26.8.2026! GOLF TURNII\"><\/a>\r\n                                                    <div class=\"sea8s\">\r\n                                Open Seats                                <label style=\"background-color: #123456; color: #FFFFFF;\">50<\/label>\r\n                            <\/div>\r\n                                            <\/div>\r\n                    <div class=\"col-lg-10 col-sm-9 col-xs-8\">\r\n                        <h2 class=\"ti8le\"><a href=\"https:\/\/fecc.ee\/fi\/registration\/?action=evrplusegister&event_id=18\" title=\"SAVE THE DATE 26.8.2026! GOLF TURNII\">SAVE THE DATE 26.8.2026! GOLF TURNII<\/a><\/h2>\r\n                        <div class=\"me8a\">\r\n                            <span> <i class=\"fa fa-calendar\" aria-hidden=\"true\"><\/i> 26 elo 2026<\/span>\r\n                            <span> <i class=\"fa fa-clock-o\" aria-hidden=\"true\"><\/i> 00:00  - 00:00<\/span>\r\n                                                    <\/div>\r\n                        <p class=\"d3sc\">Perinteeks saanud FECC-i golfturniir tuleb taas! Pane kuup\u00e4ev kalendrisse - lisainfo \u00fcrituse kohta on peagi tulemas.<\/p>\r\n\r\n                                            <\/div>\r\n                    <div class=\"clearfix\"><\/div>\r\n                <\/div>\r\n                    <\/div>\r\n    <\/div>\r\n    \r\n<\/div>\n\t\t\t\t\t\t<\/div>\n\t\t\t\t\t<\/div>\n\t\t\t\t<\/div>\n\t\t\t\t<\/div>","protected":false},"excerpt":{"rendered":"<p>SOOME-EESTIKAUBANDUSKODA<\/p>","protected":false},"author":2,"featured_media":0,"parent":0,"menu_order":0,"comment_status":"closed","ping_status":"closed","template":"","meta":{"_acf_changed":false,"footnotes":""},"class_list":["post-580","page","type-page","status-publish","hentry"],"acf":[],"yoast_head":"<!-- This site is optimized with the Yoast SEO plugin v27.4 - https:\/\/yoast.com\/product\/yoast-seo-wordpress\/ -->\n<title>J\u00e4rgmised s\u00fcndmused | Soome-Eesti Kaubanduskoda<\/title>\n<meta name=\"robots\" content=\"index, follow, max-snippet:-1, max-image-preview:large, max-video-preview:-1\" \/>\n<link rel=\"canonical\" href=\"https:\/\/fecc.ee\/fi\/registreeri\/\" \/>\n<meta property=\"og:locale\" content=\"fi_FI\" \/>\n<meta property=\"og:type\" content=\"article\" \/>\n<meta property=\"og:title\" content=\"J\u00e4rgmised s\u00fcndmused | Soome-Eesti Kaubanduskoda\" \/>\n<meta property=\"og:description\" content=\"SOOME-EESTIKAUBANDUSKODA\" \/>\n<meta property=\"og:url\" content=\"https:\/\/fecc.ee\/fi\/registreeri\/\" \/>\n<meta property=\"og:site_name\" content=\"Soome-Eesti Kaubanduskoda\" \/>\n<meta property=\"article:publisher\" content=\"https:\/\/www.facebook.com\/fecc.soomeeesti\/\" \/>\n<meta property=\"article:modified_time\" content=\"2026-04-18T16:31:56+00:00\" \/>\n<meta property=\"og:image\" content=\"https:\/\/fecc.ee\/wp-content\/uploads\/2026\/03\/web22-optimized.jpg\" \/>\n<meta name=\"twitter:card\" content=\"summary_large_image\" \/>\n<script type=\"application\/ld+json\" class=\"yoast-schema-graph\">{\"@context\":\"https:\\\/\\\/schema.org\",\"@graph\":[{\"@type\":\"WebPage\",\"@id\":\"https:\\\/\\\/fecc.ee\\\/registreeri\\\/\",\"url\":\"https:\\\/\\\/fecc.ee\\\/registreeri\\\/\",\"name\":\"J\u00e4rgmised s\u00fcndmused | Soome-Eesti Kaubanduskoda\",\"isPartOf\":{\"@id\":\"https:\\\/\\\/fecc.ee\\\/#website\"},\"primaryImageOfPage\":{\"@id\":\"https:\\\/\\\/fecc.ee\\\/registreeri\\\/#primaryimage\"},\"image\":{\"@id\":\"https:\\\/\\\/fecc.ee\\\/registreeri\\\/#primaryimage\"},\"thumbnailUrl\":\"https:\\\/\\\/fecc.ee\\\/wp-content\\\/uploads\\\/2026\\\/03\\\/web22-optimized.jpg\",\"datePublished\":\"2025-05-16T11:27:06+00:00\",\"dateModified\":\"2026-04-18T16:31:56+00:00\",\"breadcrumb\":{\"@id\":\"https:\\\/\\\/fecc.ee\\\/registreeri\\\/#breadcrumb\"},\"inLanguage\":\"fi\",\"potentialAction\":[{\"@type\":\"ReadAction\",\"target\":[\"https:\\\/\\\/fecc.ee\\\/registreeri\\\/\"]}]},{\"@type\":\"ImageObject\",\"inLanguage\":\"fi\",\"@id\":\"https:\\\/\\\/fecc.ee\\\/registreeri\\\/#primaryimage\",\"url\":\"https:\\\/\\\/fecc.ee\\\/wp-content\\\/uploads\\\/2026\\\/03\\\/web22-optimized.jpg\",\"contentUrl\":\"https:\\\/\\\/fecc.ee\\\/wp-content\\\/uploads\\\/2026\\\/03\\\/web22-optimized.jpg\"},{\"@type\":\"BreadcrumbList\",\"@id\":\"https:\\\/\\\/fecc.ee\\\/registreeri\\\/#breadcrumb\",\"itemListElement\":[{\"@type\":\"ListItem\",\"position\":1,\"name\":\"Home\",\"item\":\"https:\\\/\\\/fecc.ee\\\/\"},{\"@type\":\"ListItem\",\"position\":2,\"name\":\"J\u00e4rgmised s\u00fcndmused\"}]},{\"@type\":\"WebSite\",\"@id\":\"https:\\\/\\\/fecc.ee\\\/#website\",\"url\":\"https:\\\/\\\/fecc.ee\\\/\",\"name\":\"Soome-Eesti Kaubanduskoda\",\"description\":\"Tere tulemast Soome-Eesti kaubanduskoja kodulehek\u00fcljele. Oleme suurim rahvusvaheline kaubanduskoda Eestis.\",\"publisher\":{\"@id\":\"https:\\\/\\\/fecc.ee\\\/#organization\"},\"potentialAction\":[{\"@type\":\"SearchAction\",\"target\":{\"@type\":\"EntryPoint\",\"urlTemplate\":\"https:\\\/\\\/fecc.ee\\\/?s={search_term_string}\"},\"query-input\":{\"@type\":\"PropertyValueSpecification\",\"valueRequired\":true,\"valueName\":\"search_term_string\"}}],\"inLanguage\":\"fi\"},{\"@type\":\"Organization\",\"@id\":\"https:\\\/\\\/fecc.ee\\\/#organization\",\"name\":\"Soome-Eesti Kaubanduskoda\",\"url\":\"https:\\\/\\\/fecc.ee\\\/\",\"logo\":{\"@type\":\"ImageObject\",\"inLanguage\":\"fi\",\"@id\":\"https:\\\/\\\/fecc.ee\\\/#\\\/schema\\\/logo\\\/image\\\/\",\"url\":\"https:\\\/\\\/fecc.ee\\\/wp-content\\\/uploads\\\/2025\\\/06\\\/FECC_Logo-1.png\",\"contentUrl\":\"https:\\\/\\\/fecc.ee\\\/wp-content\\\/uploads\\\/2025\\\/06\\\/FECC_Logo-1.png\",\"width\":944,\"height\":292,\"caption\":\"Soome-Eesti Kaubanduskoda\"},\"image\":{\"@id\":\"https:\\\/\\\/fecc.ee\\\/#\\\/schema\\\/logo\\\/image\\\/\"},\"sameAs\":[\"https:\\\/\\\/www.facebook.com\\\/fecc.soomeeesti\\\/\",\"https:\\\/\\\/www.linkedin.com\\\/company\\\/fecc-finnish-estonian-chamber-of-commerce\\\/\"]}]}<\/script>\n<!-- \/ Yoast SEO plugin. -->","yoast_head_json":{"title":"J\u00e4rgmised s\u00fcndmused | Soome-Eesti Kaubanduskoda","robots":{"index":"index","follow":"follow","max-snippet":"max-snippet:-1","max-image-preview":"max-image-preview:large","max-video-preview":"max-video-preview:-1"},"canonical":"https:\/\/fecc.ee\/fi\/registreeri\/","og_locale":"fi_FI","og_type":"article","og_title":"J\u00e4rgmised s\u00fcndmused | Soome-Eesti Kaubanduskoda","og_description":"SOOME-EESTIKAUBANDUSKODA","og_url":"https:\/\/fecc.ee\/fi\/registreeri\/","og_site_name":"Soome-Eesti Kaubanduskoda","article_publisher":"https:\/\/www.facebook.com\/fecc.soomeeesti\/","article_modified_time":"2026-04-18T16:31:56+00:00","og_image":[{"url":"https:\/\/fecc.ee\/wp-content\/uploads\/2026\/03\/web22-optimized.jpg","type":"","width":"","height":""}],"twitter_card":"summary_large_image","schema":{"@context":"https:\/\/schema.org","@graph":[{"@type":"WebPage","@id":"https:\/\/fecc.ee\/registreeri\/","url":"https:\/\/fecc.ee\/registreeri\/","name":"J\u00e4rgmised s\u00fcndmused | Soome-Eesti Kaubanduskoda","isPartOf":{"@id":"https:\/\/fecc.ee\/#website"},"primaryImageOfPage":{"@id":"https:\/\/fecc.ee\/registreeri\/#primaryimage"},"image":{"@id":"https:\/\/fecc.ee\/registreeri\/#primaryimage"},"thumbnailUrl":"https:\/\/fecc.ee\/wp-content\/uploads\/2026\/03\/web22-optimized.jpg","datePublished":"2025-05-16T11:27:06+00:00","dateModified":"2026-04-18T16:31:56+00:00","breadcrumb":{"@id":"https:\/\/fecc.ee\/registreeri\/#breadcrumb"},"inLanguage":"fi","potentialAction":[{"@type":"ReadAction","target":["https:\/\/fecc.ee\/registreeri\/"]}]},{"@type":"ImageObject","inLanguage":"fi","@id":"https:\/\/fecc.ee\/registreeri\/#primaryimage","url":"https:\/\/fecc.ee\/wp-content\/uploads\/2026\/03\/web22-optimized.jpg","contentUrl":"https:\/\/fecc.ee\/wp-content\/uploads\/2026\/03\/web22-optimized.jpg"},{"@type":"BreadcrumbList","@id":"https:\/\/fecc.ee\/registreeri\/#breadcrumb","itemListElement":[{"@type":"ListItem","position":1,"name":"Home","item":"https:\/\/fecc.ee\/"},{"@type":"ListItem","position":2,"name":"J\u00e4rgmised s\u00fcndmused"}]},{"@type":"WebSite","@id":"https:\/\/fecc.ee\/#website","url":"https:\/\/fecc.ee\/","name":"Suomalais-Virolainen Kauppakamari","description":"Tere tulemast Soome-Eesti kaubanduskoja kodulehek\u00fcljele. Oleme suurim rahvusvaheline kaubanduskoda Eestis.","publisher":{"@id":"https:\/\/fecc.ee\/#organization"},"potentialAction":[{"@type":"SearchAction","target":{"@type":"EntryPoint","urlTemplate":"https:\/\/fecc.ee\/?s={search_term_string}"},"query-input":{"@type":"PropertyValueSpecification","valueRequired":true,"valueName":"search_term_string"}}],"inLanguage":"fi"},{"@type":"Organization","@id":"https:\/\/fecc.ee\/#organization","name":"Suomalais-Virolainen Kauppakamari","url":"https:\/\/fecc.ee\/","logo":{"@type":"ImageObject","inLanguage":"fi","@id":"https:\/\/fecc.ee\/#\/schema\/logo\/image\/","url":"https:\/\/fecc.ee\/wp-content\/uploads\/2025\/06\/FECC_Logo-1.png","contentUrl":"https:\/\/fecc.ee\/wp-content\/uploads\/2025\/06\/FECC_Logo-1.png","width":944,"height":292,"caption":"Soome-Eesti Kaubanduskoda"},"image":{"@id":"https:\/\/fecc.ee\/#\/schema\/logo\/image\/"},"sameAs":["https:\/\/www.facebook.com\/fecc.soomeeesti\/","https:\/\/www.linkedin.com\/company\/fecc-finnish-estonian-chamber-of-commerce\/"]}]}},"_links":{"self":[{"href":"https:\/\/fecc.ee\/fi\/wp-json\/wp\/v2\/pages\/580","targetHints":{"allow":["GET"]}}],"collection":[{"href":"https:\/\/fecc.ee\/fi\/wp-json\/wp\/v2\/pages"}],"about":[{"href":"https:\/\/fecc.ee\/fi\/wp-json\/wp\/v2\/types\/page"}],"author":[{"embeddable":true,"href":"https:\/\/fecc.ee\/fi\/wp-json\/wp\/v2\/users\/2"}],"replies":[{"embeddable":true,"href":"https:\/\/fecc.ee\/fi\/wp-json\/wp\/v2\/comments?post=580"}],"version-history":[{"count":77,"href":"https:\/\/fecc.ee\/fi\/wp-json\/wp\/v2\/pages\/580\/revisions"}],"predecessor-version":[{"id":26782,"href":"https:\/\/fecc.ee\/fi\/wp-json\/wp\/v2\/pages\/580\/revisions\/26782"}],"wp:attachment":[{"href":"https:\/\/fecc.ee\/fi\/wp-json\/wp\/v2\/media?parent=580"}],"curies":[{"name":"wp","href":"https:\/\/api.w.org\/{rel}","templated":true}]}}