{"id":719,"date":"2025-05-20T13:29:01","date_gmt":"2025-05-20T11:29:01","guid":{"rendered":"https:\/\/fecc.ee\/?page_id=719"},"modified":"2026-04-18T12:19:04","modified_gmt":"2026-04-18T10:19:04","slug":"ajalugu","status":"publish","type":"page","link":"https:\/\/fecc.ee\/fi\/ajalugu\/","title":{"rendered":"Historia"},"content":{"rendered":"<div data-elementor-type=\"wp-page\" data-elementor-id=\"719\" class=\"elementor elementor-719\" data-elementor-post-type=\"page\">\n\t\t\t\t\t\t<div class=\"elementor-element elementor-element-74e2f1d e-con e-atomic-element e-flexbox-base padding-0\" data-id=\"74e2f1d\" data-element_type=\"e-flexbox\" data-e-type=\"e-flexbox\" data-interaction-id=\"74e2f1d\">\n\t\t\t\t\t\t\t<div class=\"elementor-element elementor-element-1808a17 e-con e-atomic-element e-flexbox-base e-8de1965-3980a32\" data-id=\"1808a17\" data-element_type=\"e-flexbox\" data-e-type=\"e-flexbox\" data-interaction-id=\"8de1965\">\n\t\t\t\t\t\t\t\n\t\t<img class=\"e-image-base e-dd60740-02e4c81\" \n\t\t\t\t\tdata-interaction-id=\"dd60740\" \n\t\t \n\t\t \n\t\t\t\t\t\t\t\t\tid=\"10349\"\n\t\t\t\t\t\t\t\t\t\t\t\tsrc=\"https:\/\/fecc.ee\/wp-content\/uploads\/2023\/09\/flags-finland-estonia-flagpoles-sides-flags-blue-background-place-text-finnish-helsinki-estonian-3d-illustration-min-scaled.jpg\"\n\t\t\t\t\t\t\t\t\t\t\t\twidth=\"2560\"\n\t\t\t\t\t\t\t\t\t\t\t\theight=\"1067\"\n\t\t\t\t\t\t\t\t\t\t\t\tsrcset=\"https:\/\/fecc.ee\/wp-content\/uploads\/2023\/09\/flags-finland-estonia-flagpoles-sides-flags-blue-background-place-text-finnish-helsinki-estonian-3d-illustration-min-scaled.jpg 2560w, https:\/\/fecc.ee\/wp-content\/uploads\/2023\/09\/flags-finland-estonia-flagpoles-sides-flags-blue-background-place-text-finnish-helsinki-estonian-3d-illustration-min-300x125.jpg 300w, https:\/\/fecc.ee\/wp-content\/uploads\/2023\/09\/flags-finland-estonia-flagpoles-sides-flags-blue-background-place-text-finnish-helsinki-estonian-3d-illustration-min-1024x427.jpg 1024w, https:\/\/fecc.ee\/wp-content\/uploads\/2023\/09\/flags-finland-estonia-flagpoles-sides-flags-blue-background-place-text-finnish-helsinki-estonian-3d-illustration-min-768x320.jpg 768w, https:\/\/fecc.ee\/wp-content\/uploads\/2023\/09\/flags-finland-estonia-flagpoles-sides-flags-blue-background-place-text-finnish-helsinki-estonian-3d-illustration-min-1536x640.jpg 1536w, https:\/\/fecc.ee\/wp-content\/uploads\/2023\/09\/flags-finland-estonia-flagpoles-sides-flags-blue-background-place-text-finnish-helsinki-estonian-3d-illustration-min-2048x853.jpg 2048w, https:\/\/fecc.ee\/wp-content\/uploads\/2023\/09\/flags-finland-estonia-flagpoles-sides-flags-blue-background-place-text-finnish-helsinki-estonian-3d-illustration-min-18x8.jpg 18w, https:\/\/fecc.ee\/wp-content\/uploads\/2023\/09\/flags-finland-estonia-flagpoles-sides-flags-blue-background-place-text-finnish-helsinki-estonian-3d-illustration-min-1080x450.jpg 1080w, https:\/\/fecc.ee\/wp-content\/uploads\/2023\/09\/flags-finland-estonia-flagpoles-sides-flags-blue-background-place-text-finnish-helsinki-estonian-3d-illustration-min-1280x534.jpg 1280w, https:\/\/fecc.ee\/wp-content\/uploads\/2023\/09\/flags-finland-estonia-flagpoles-sides-flags-blue-background-place-text-finnish-helsinki-estonian-3d-illustration-min-980x408.jpg 980w, https:\/\/fecc.ee\/wp-content\/uploads\/2023\/09\/flags-finland-estonia-flagpoles-sides-flags-blue-background-place-text-finnish-helsinki-estonian-3d-illustration-min-480x200.jpg 480w, https:\/\/fecc.ee\/wp-content\/uploads\/2023\/09\/flags-finland-estonia-flagpoles-sides-flags-blue-background-place-text-finnish-helsinki-estonian-3d-illustration-min-500x208.jpg 500w\"\n\t\t\t\t\t\t\t\t\t\t\t\talt=\"\"\n\t\t\t\t\t\t\/>\n\t\t\t\t\t\t<div class=\"e-e6e2b21-a26f132 e-svg-base\" data-interaction-id=\"e6e2b21\"><svg xmlns=\"http:\/\/www.w3.org\/2000\/svg\" fill=\"currentColor\" style=\"width: 100%; height: 100%; overflow: unset;\" viewbox=\"0 0 1000 100\" preserveaspectratio=\"none\"><path class=\"elementor-shape-fill\" d=\"M0,6V0h1000v100L0,6z\"><\/path><\/svg><\/div>\t\t\t\t<div class=\"elementor-element elementor-element-01g63li e-con e-atomic-element e-div-block-base e-be2b4de-e40676f\" data-id=\"01g63li\" data-element_type=\"e-div-block\" data-e-type=\"e-div-block\" data-interaction-id=\"be2b4de\">\n\t\t\t\t<\/div>\n\t\t\t\t<div class=\"elementor-element elementor-element-1glowct e-con e-atomic-element e-div-block-base e-9de6564-0606280 max-width padding-0\" data-id=\"1glowct\" data-element_type=\"e-div-block\" data-e-type=\"e-div-block\" data-interaction-id=\"9de6564\">\n\t\t\t\t\t\t\t<h1 \n\t\tdata-interaction-id=\"bb6a6b7\" \n\t\tclass=\"title-size-1 e-heading-base\" \n\t\t \n\t\t\n\t>\n\t\n\t\t\tHISTORIA\n\t\t<\/h1>\n\t\t\t\t\t\n<hr class=\"divider-white e-850bc71-45e81af e-divider-base\" data-interaction-id=\"850bc71\"   \/>\n\t\t\t\t<\/div>\n\t\t\t\t<\/div>\n\t\t\n\t\t\t\t<\/div>\n\t\t<div class=\"elementor-element elementor-element-3b0ad58 e-flex e-con-boxed e-con e-parent\" data-id=\"3b0ad58\" data-element_type=\"container\" data-e-type=\"container\">\n\t\t\t\t\t<div class=\"e-con-inner\">\n\t\t\t\t<div class=\"elementor-element elementor-element-ebf5cec elementor-widget elementor-widget-zone_timeline\" data-id=\"ebf5cec\" data-element_type=\"widget\" data-e-type=\"widget\" data-widget_type=\"zone_timeline.default\">\n\t\t\t\t<div class=\"elementor-widget-container\">\n\t\t\t\t\t\t\t\t<div class=\"zone-timeline\">\n\t\t\t\t<div class=\"zone-timeline-line\"><\/div>\n\t\t\t\t<div class=\"zone-timeline-start\"><\/div>\n\n\t\t\t\t\t\t\t\t\t<div class=\"zone-timeline-row zone-timeline-right\">\n\t\t\t\t\t\t<div class=\"zone-timeline-col zone-timeline-content-col\">\n\t\t\t\t\t\t\t<div class=\"zone-timeline-card\">\n\t\t\t\t\t\t\t\t\t\t\t\t\t\t\t\t\t<div class=\"zone-timeline-label\">\n\t\t\t\t\t\t\t\t\t\t1992\t\t\t\t\t\t\t\t\t<\/div>\n\t\t\t\t\t\t\t\t\n\t\t\t\t\t\t\t\t\t\t\t\t\t\t\t\t\t<h3 class=\"zone-timeline-title\">\n\t\t\t\t\t\t\t\t\t\tESLYn perustaminen\t\t\t\t\t\t\t\t\t<\/h3>\n\t\t\t\t\t\t\t\t\n\t\t\t\t\t\t\t\t\t\t\t\t\t\t\t\t\t<div class=\"zone-timeline-desc\">\n\t\t\t\t\t\t\t\t\t\t<p>Suomalais- virolainen kauppakamari eli FECC oli toiminut 2007 kev\u00e4\u00e4n asti nimell\u00e4 Eestil\u00e4is-Suomalainen Liikkeenjohdon Yhdistys (ESLY) ja 2018 alkuun asti nimell\u00e4 Suomalais-eestil\u00e4inen kauppakamari. ESLYn historia ulottuu aina loppuvuoteen 1992, jolloin joukko suomalaisia \u2013 Viron uudelleenitsen\u00e4istymisen aikoihin maahan expatrioituneita liikemiehi\u00e4 ja suomalaisyritysten johtajia alkoi\u00a0<strong>Reima Teerikankaan<\/strong>\u00a0johdolla kokoontua pienimuotoisena keskusteluryhm\u00e4n\u00e4.<\/p>\t\t\t\t\t\t\t\t\t<\/div>\n\t\t\t\t\t\t\t\t\t\t\t\t\t\t\t<\/div>\n\t\t\t\t\t\t<\/div>\n\n\t\t\t\t\t\t<div class=\"zone-timeline-center\">\n\t\t\t\t\t\t\t<div class=\"zone-timeline-dot\"><\/div>\n\t\t\t\t\t\t<\/div>\n\n\t\t\t\t\t\t<div class=\"zone-timeline-col zone-timeline-empty-col\"><\/div>\n\t\t\t\t\t<\/div>\n\t\t\t\t\t\t\t\t\t<div class=\"zone-timeline-row zone-timeline-left\">\n\t\t\t\t\t\t<div class=\"zone-timeline-col zone-timeline-content-col\">\n\t\t\t\t\t\t\t<div class=\"zone-timeline-card\">\n\t\t\t\t\t\t\t\t\t\t\t\t\t\t\t\t\t<div class=\"zone-timeline-label\">\n\t\t\t\t\t\t\t\t\t\t1994 - 1995\t\t\t\t\t\t\t\t\t<\/div>\n\t\t\t\t\t\t\t\t\n\t\t\t\t\t\t\t\t\t\t\t\t\t\t\t\t\t<h3 class=\"zone-timeline-title\">\n\t\t\t\t\t\t\t\t\t\tESLYn aikainen kehitys\t\t\t\t\t\t\t\t\t<\/h3>\n\t\t\t\t\t\t\t\t\n\t\t\t\t\t\t\t\t\t\t\t\t\t\t\t\t\t<div class=\"zone-timeline-desc\">\n\t\t\t\t\t\t\t\t\t\t<p>Ryhm\u00e4n toiminta vakiintui pikkuhiljaa, ja kantoi ep\u00e4virallista nime\u00e4 \u201dvalikoitujen suomalaisten liikemiesten yhdistys\u201d. Kokoontumisissa keskusteltiin mm. yritysoikeudellisista muutoksista sek\u00e4 palkkojen sek\u00e4 rikollisuus- ja turvallisuustilanteen kehittymisest\u00e4 Virossa. Osallistujien m\u00e4\u00e4r\u00e4 alkoi nousta, ja vuosina 1994-1995 joukkoon liittyiv\u00e4t ensimm\u00e4iset virolaiset liikemiehet \u2013 tuolloin jo yhdistysmuotoiseksi kehittynyt ryhm\u00e4 otti my\u00f6s k\u00e4ytt\u00f6\u00f6ns\u00e4 nimen ESLY. Kev\u00e4\u00e4seen 1996 menness\u00e4 oli selv\u00e4\u00e4, ett\u00e4 j\u00e4senm\u00e4\u00e4r\u00e4n yh\u00e4 paisuessa olisi j\u00e4rkev\u00e4\u00e4 alkaa peri\u00e4 j\u00e4senmaksua.<\/p>\t\t\t\t\t\t\t\t\t<\/div>\n\t\t\t\t\t\t\t\t\t\t\t\t\t\t\t<\/div>\n\t\t\t\t\t\t<\/div>\n\n\t\t\t\t\t\t<div class=\"zone-timeline-center\">\n\t\t\t\t\t\t\t<div class=\"zone-timeline-dot\"><\/div>\n\t\t\t\t\t\t<\/div>\n\n\t\t\t\t\t\t<div class=\"zone-timeline-col zone-timeline-empty-col\"><\/div>\n\t\t\t\t\t<\/div>\n\t\t\t\t\t\t\t\t\t<div class=\"zone-timeline-row zone-timeline-right\">\n\t\t\t\t\t\t<div class=\"zone-timeline-col zone-timeline-content-col\">\n\t\t\t\t\t\t\t<div class=\"zone-timeline-card\">\n\t\t\t\t\t\t\t\t\t\t\t\t\t\t\t\t\t<div class=\"zone-timeline-label\">\n\t\t\t\t\t\t\t\t\t\t1996\t\t\t\t\t\t\t\t\t<\/div>\n\t\t\t\t\t\t\t\t\n\t\t\t\t\t\t\t\t\t\t\t\t\t\t\t\t\t<h3 class=\"zone-timeline-title\">\n\t\t\t\t\t\t\t\t\t\tUusi yhdistyslaki\t\t\t\t\t\t\t\t\t<\/h3>\n\t\t\t\t\t\t\t\t\n\t\t\t\t\t\t\t\t\t\t\t\t\t\t\t\t\t<div class=\"zone-timeline-desc\">\n\t\t\t\t\t\t\t\t\t\t<p>1. oktoobril 1996 hakkas Eestis kehtima uus \u00c4riseadustik. ESLY oli kas p\u00e4ris esimene v\u00f5i v\u00e4hemalt \u00fcks esimestest mittetulundus\u00fchingutest, mis uue \u00c4riseadustiku alusel registrisse kanti. Vajalikud dokumendid viidi registripidajale kohe seaduse kehtima hakkamise p\u00e4eva hommikul. Teade taotluse heakskiitmise kohta saabus 31.10.1996 ning \u00dchingu ametlikku algust t\u00e4histati Viru hotellis 5.novembril 1996 pressikonverentsi ja peoga.<\/p>\t\t\t\t\t\t\t\t\t<\/div>\n\t\t\t\t\t\t\t\t\t\t\t\t\t\t\t<\/div>\n\t\t\t\t\t\t<\/div>\n\n\t\t\t\t\t\t<div class=\"zone-timeline-center\">\n\t\t\t\t\t\t\t<div class=\"zone-timeline-dot\"><\/div>\n\t\t\t\t\t\t<\/div>\n\n\t\t\t\t\t\t<div class=\"zone-timeline-col zone-timeline-empty-col\"><\/div>\n\t\t\t\t\t<\/div>\n\t\t\t\t\t\t\t\t\t<div class=\"zone-timeline-row zone-timeline-left\">\n\t\t\t\t\t\t<div class=\"zone-timeline-col zone-timeline-content-col\">\n\t\t\t\t\t\t\t<div class=\"zone-timeline-card\">\n\t\t\t\t\t\t\t\t\t\t\t\t\t\t\t\t\t<div class=\"zone-timeline-label\">\n\t\t\t\t\t\t\t\t\t\t1998 - 2000\t\t\t\t\t\t\t\t\t<\/div>\n\t\t\t\t\t\t\t\t\n\t\t\t\t\t\t\t\t\t\t\t\t\t\t\t\t\t<h3 class=\"zone-timeline-title\">\n\t\t\t\t\t\t\t\t\t\tESLYn logo\t\t\t\t\t\t\t\t\t<\/h3>\n\t\t\t\t\t\t\t\t\n\t\t\t\t\t\t\t\t\t\t\t\t\t\t\t\t\t<div class=\"zone-timeline-desc\">\n\t\t\t\t\t\t\t\t\t\t<p>P\u00f5hjamaade \u00fchingute koost\u00f6\u00f6 sai alguse 1998. aasta s\u00fcgisel peetud P\u00f5hjamaade kokteili\u00f5htul, kus peaesinejaks oli h\u00e4rra Toomas Hendrik Ilves. Aasta p\u00e4rast peeti P\u00f5hjamaade \u00fchine j\u00f5ulupidu, kus esines taas, siis juba v\u00e4lisministriks valitud Toomas Hendrik Ilves. 1998. aastal v\u00f5eti kasutusele kunstnik Antti Haloneni disainitud ESLY logo. \u00dchingu esimene kodulehek\u00fclg internetis avati 2000. aasta l\u00f5pus.<\/p>\t\t\t\t\t\t\t\t\t<\/div>\n\t\t\t\t\t\t\t\t\t\t\t\t\t\t\t<\/div>\n\t\t\t\t\t\t<\/div>\n\n\t\t\t\t\t\t<div class=\"zone-timeline-center\">\n\t\t\t\t\t\t\t<div class=\"zone-timeline-dot\"><\/div>\n\t\t\t\t\t\t<\/div>\n\n\t\t\t\t\t\t<div class=\"zone-timeline-col zone-timeline-empty-col\"><\/div>\n\t\t\t\t\t<\/div>\n\t\t\t\t\t\t\t\t\t<div class=\"zone-timeline-row zone-timeline-right\">\n\t\t\t\t\t\t<div class=\"zone-timeline-col zone-timeline-content-col\">\n\t\t\t\t\t\t\t<div class=\"zone-timeline-card\">\n\t\t\t\t\t\t\t\t\t\t\t\t\t\t\t\t\t<div class=\"zone-timeline-label\">\n\t\t\t\t\t\t\t\t\t\t2000\t\t\t\t\t\t\t\t\t<\/div>\n\t\t\t\t\t\t\t\t\n\t\t\t\t\t\t\t\t\t\t\t\t\t\t\t\t\t<h3 class=\"zone-timeline-title\">\n\t\t\t\t\t\t\t\t\t\tIBCE perustaminen\t\t\t\t\t\t\t\t\t<\/h3>\n\t\t\t\t\t\t\t\t\n\t\t\t\t\t\t\t\t\t\t\t\t\t\t\t\t\t<div class=\"zone-timeline-desc\">\n\t\t\t\t\t\t\t\t\t\t<p>Aastal 2000 rajati koost\u00f6\u00f6s teiste rahvusvaheliste \u00fchingutega IBCE (International Business Council of Estonia). Algatus sellise rahvusvahelise liidu loomiseks tuli ESLY poolt korraldatud rahvusvaheliste \u00fchingute juhtide ja sekret\u00e4ride kohtumiselt. IBCE-d olid lisaks ESLYle asutamas ka Saksa, Austria, Kanada, Rootsi ja Prantsusmaa \u00e4riklubid ning Eesti V\u00e4lisinvesteeringute Agentuur.<\/p>\t\t\t\t\t\t\t\t\t<\/div>\n\t\t\t\t\t\t\t\t\t\t\t\t\t\t\t<\/div>\n\t\t\t\t\t\t<\/div>\n\n\t\t\t\t\t\t<div class=\"zone-timeline-center\">\n\t\t\t\t\t\t\t<div class=\"zone-timeline-dot\"><\/div>\n\t\t\t\t\t\t<\/div>\n\n\t\t\t\t\t\t<div class=\"zone-timeline-col zone-timeline-empty-col\"><\/div>\n\t\t\t\t\t<\/div>\n\t\t\t\t\t\t\t\t\t<div class=\"zone-timeline-row zone-timeline-left\">\n\t\t\t\t\t\t<div class=\"zone-timeline-col zone-timeline-content-col\">\n\t\t\t\t\t\t\t<div class=\"zone-timeline-card\">\n\t\t\t\t\t\t\t\t\t\t\t\t\t\t\t\t\t<div class=\"zone-timeline-label\">\n\t\t\t\t\t\t\t\t\t\t2001 - 2005\t\t\t\t\t\t\t\t\t<\/div>\n\t\t\t\t\t\t\t\t\n\t\t\t\t\t\t\t\t\t\t\t\t\t\t\t\t\t<h3 class=\"zone-timeline-title\">\n\t\t\t\t\t\t\t\t\t\tESLYn kasvu\t\t\t\t\t\t\t\t\t<\/h3>\n\t\t\t\t\t\t\t\t\n\t\t\t\t\t\t\t\t\t\t\t\t\t\t\t\t\t<div class=\"zone-timeline-desc\">\n\t\t\t\t\t\t\t\t\t\t<p>Talousbuumin my\u00f6t\u00e4tuulessa IBCE:n merkitys ja toiminta kuihtuivat vuonna 2005. ESLY keskittyi j\u00e4lleen Suomen ja Viron v\u00e4listen yritt\u00e4jyysverkostojen punomiseen. Yhdistyksen j\u00e4senm\u00e4\u00e4r\u00e4 pysyi paria poikkeusvuotta lukuun ottamatta 90-luvun lopun ja 2000-luvun alun ajan 80-90 yrityksen tuntumassa.<\/p>\t\t\t\t\t\t\t\t\t<\/div>\n\t\t\t\t\t\t\t\t\t\t\t\t\t\t\t<\/div>\n\t\t\t\t\t\t<\/div>\n\n\t\t\t\t\t\t<div class=\"zone-timeline-center\">\n\t\t\t\t\t\t\t<div class=\"zone-timeline-dot\"><\/div>\n\t\t\t\t\t\t<\/div>\n\n\t\t\t\t\t\t<div class=\"zone-timeline-col zone-timeline-empty-col\"><\/div>\n\t\t\t\t\t<\/div>\n\t\t\t\t\t\t\t\t\t<div class=\"zone-timeline-row zone-timeline-right\">\n\t\t\t\t\t\t<div class=\"zone-timeline-col zone-timeline-content-col\">\n\t\t\t\t\t\t\t<div class=\"zone-timeline-card\">\n\t\t\t\t\t\t\t\t\t\t\t\t\t\t\t\t\t<div class=\"zone-timeline-label\">\n\t\t\t\t\t\t\t\t\t\t2006\t\t\t\t\t\t\t\t\t<\/div>\n\t\t\t\t\t\t\t\t\n\t\t\t\t\t\t\t\t\t\t\t\t\t\t\t\t\t<h3 class=\"zone-timeline-title\">\n\t\t\t\t\t\t\t\t\t\tKymmenvuotisjuhlat\t\t\t\t\t\t\t\t\t<\/h3>\n\t\t\t\t\t\t\t\t\n\t\t\t\t\t\t\t\t\t\t\t\t\t\t\t\t\t<div class=\"zone-timeline-desc\">\n\t\t\t\t\t\t\t\t\t\t<p><strong>ESLY:n kymmenvuotisjuhlia vietettiin 1.12.2006\u00a0<\/strong>upean gaalaillan merkeiss\u00e4. Juhlavuonna my\u00f6s j\u00e4senm\u00e4\u00e4r\u00e4 pompahti 115:een, ja on sen j\u00e4lkeen viel\u00e4 hieman kohonnut noin 120-130 yritykseen.<\/p>\t\t\t\t\t\t\t\t\t<\/div>\n\t\t\t\t\t\t\t\t\t\t\t\t\t\t\t<\/div>\n\t\t\t\t\t\t<\/div>\n\n\t\t\t\t\t\t<div class=\"zone-timeline-center\">\n\t\t\t\t\t\t\t<div class=\"zone-timeline-dot\"><\/div>\n\t\t\t\t\t\t<\/div>\n\n\t\t\t\t\t\t<div class=\"zone-timeline-col zone-timeline-empty-col\"><\/div>\n\t\t\t\t\t<\/div>\n\t\t\t\t\t\t\t\t\t<div class=\"zone-timeline-row zone-timeline-left\">\n\t\t\t\t\t\t<div class=\"zone-timeline-col zone-timeline-content-col\">\n\t\t\t\t\t\t\t<div class=\"zone-timeline-card\">\n\t\t\t\t\t\t\t\t\t\t\t\t\t\t\t\t\t<div class=\"zone-timeline-label\">\n\t\t\t\t\t\t\t\t\t\t2007\t\t\t\t\t\t\t\t\t<\/div>\n\t\t\t\t\t\t\t\t\n\t\t\t\t\t\t\t\t\t\t\t\t\t\t\t\t\t<h3 class=\"zone-timeline-title\">\n\t\t\t\t\t\t\t\t\t\tFECCin syntyminen\t\t\t\t\t\t\t\t\t<\/h3>\n\t\t\t\t\t\t\t\t\n\t\t\t\t\t\t\t\t\t\t\t\t\t\t\t\t\t<div class=\"zone-timeline-desc\">\n\t\t\t\t\t\t\t\t\t\t<p>Kev\u00e4\u00e4ll\u00e4 2007 ESLY muutti nime\u00e4\u00e4n ja toimintaprofiiliaan vastaamaan paremmin kansainv\u00e4lisen kauppakamaritoiminnan suuntaviivoja, ja niin syntyi\u00a0<strong>FECC<\/strong>. Jo seuraavana syksyn\u00e4 FECC perusti yhdess\u00e4 kahdeksan muun maan sijoittajatahojen kanssa FICE:n eli Foreign Investors Council in Estonian, joka ensi t\u00f6ikseen esitteli Viron hallitukselle ehdotuksensa talouskasvun ja ty\u00f6llisyyden parantamisen nelivuotis-toimenpideohjelmaksi.<\/p>\t\t\t\t\t\t\t\t\t<\/div>\n\t\t\t\t\t\t\t\t\t\t\t\t\t\t\t<\/div>\n\t\t\t\t\t\t<\/div>\n\n\t\t\t\t\t\t<div class=\"zone-timeline-center\">\n\t\t\t\t\t\t\t<div class=\"zone-timeline-dot\"><\/div>\n\t\t\t\t\t\t<\/div>\n\n\t\t\t\t\t\t<div class=\"zone-timeline-col zone-timeline-empty-col\"><\/div>\n\t\t\t\t\t<\/div>\n\t\t\t\t\t\t\t\t\t<div class=\"zone-timeline-row zone-timeline-right\">\n\t\t\t\t\t\t<div class=\"zone-timeline-col zone-timeline-content-col\">\n\t\t\t\t\t\t\t<div class=\"zone-timeline-card\">\n\t\t\t\t\t\t\t\t\t\t\t\t\t\t\t\t\t<div class=\"zone-timeline-label\">\n\t\t\t\t\t\t\t\t\t\t2011 - 2012\t\t\t\t\t\t\t\t\t<\/div>\n\t\t\t\t\t\t\t\t\n\t\t\t\t\t\t\t\t\t\t\t\t\t\t\t\t\t<h3 class=\"zone-timeline-title\">\n\t\t\t\t\t\t\t\t\t\tFECCin kasvu\t\t\t\t\t\t\t\t\t<\/h3>\n\t\t\t\t\t\t\t\t\n\t\t\t\t\t\t\t\t\t\t\t\t\t\t\t\t\t<div class=\"zone-timeline-desc\">\n\t\t\t\t\t\t\t\t\t\t<p>2011. aasta t\u00f5i FECC-ile uusi juhtkonna liikmeid ja muutuseid arengusuundades. Arenetakse pidevalt selle nimel, et suures osas vabatahtlikkuse alusel toimiv \u00fching v\u00f5iks teenindada nii olemasolevaid kui ka uusi liikmeid \u00fcha paremini, korraldades sisutihedat programmi. FECC osaleb ka Soome ettev\u00f5tteid \u00fchendavas koost\u00f6\u00f6v\u00f5rgustikus FinnCham. Alates septembrist 2012 kuulub FECC ametlikku Team Finland v\u00f5rgustikku Eestis.<\/p>\t\t\t\t\t\t\t\t\t<\/div>\n\t\t\t\t\t\t\t\t\t\t\t\t\t\t\t<\/div>\n\t\t\t\t\t\t<\/div>\n\n\t\t\t\t\t\t<div class=\"zone-timeline-center\">\n\t\t\t\t\t\t\t<div class=\"zone-timeline-dot\"><\/div>\n\t\t\t\t\t\t<\/div>\n\n\t\t\t\t\t\t<div class=\"zone-timeline-col zone-timeline-empty-col\"><\/div>\n\t\t\t\t\t<\/div>\n\t\t\t\t\n\t\t\t\t<div class=\"zone-timeline-end\"><\/div>\n\t\t\t<\/div>\n\t\t\t\t\t\t\t<\/div>\n\t\t\t\t<\/div>\n\t\t\t\t<div class=\"elementor-element elementor-element-5cf5201 e-con e-atomic-element e-flexbox-base e-5cf5201-4d5d52f\" data-id=\"5cf5201\" data-element_type=\"e-flexbox\" data-e-type=\"e-flexbox\" data-interaction-id=\"5cf5201\">\n\t\t\t\t<div class=\"elementor-element elementor-element-cb20562 e-con e-atomic-element e-flexbox-base padding-0 e-cb20562-9837977\" data-id=\"cb20562\" data-element_type=\"e-flexbox\" data-e-type=\"e-flexbox\" data-interaction-id=\"cb20562\">\n\t\t\t\t\t\t\t<h2 \n\t\tdata-interaction-id=\"a788ae3\" \n\t\tclass=\"title-size-2 e-heading-base\" \n\t\t \n\t\t\n\t>\n\t\n\t\t\tESLYN PERUSTAJAT 1996\n\t\t<\/h2>\n\t\t\t\t<div class=\"elementor-element elementor-element-37ee27b elementor-widget elementor-widget-text-editor\" data-id=\"37ee27b\" data-element_type=\"widget\" data-e-type=\"widget\" data-widget_type=\"text-editor.default\">\n\t\t\t\t\t\t\t\t\t<ul class=\"ul1\"><li>Reima Teerikangas (AGA)<\/li><li>Aku Sorainen (Advokaadib\u00fcroo Sorainen)<\/li><li>Toomas Abner (Kindlustusselts Seesam)<\/li><li>Timo Jokinen (Paulig)<\/li><li>Juha Pekka Purovesi (KPMG); ja<\/li><li>Ilmar Petersen (Elcoteq)<\/li><\/ul>\t\t\t\t\t\t\t\t<\/div>\n\t\t\t\t<\/div>\n\t\t\t\t<div class=\"elementor-element elementor-element-c78121b e-con e-atomic-element e-flexbox-base padding-0 e-c78121b-c86c7f9\" data-id=\"c78121b\" data-element_type=\"e-flexbox\" data-e-type=\"e-flexbox\" data-interaction-id=\"c78121b\">\n\t\t\t\t\t\t\t<h2 \n\t\tdata-interaction-id=\"73f3b3e\" \n\t\tclass=\"title-size-2 e-heading-base\" \n\t\t \n\t\t\n\t>\n\t\n\t\t\tFECC hallituksen puheenjohtajat\n\t\t<\/h2>\n\t\t\t\t<div class=\"elementor-element elementor-element-3d6411e elementor-widget elementor-widget-text-editor\" data-id=\"3d6411e\" data-element_type=\"widget\" data-e-type=\"widget\" data-widget_type=\"text-editor.default\">\n\t\t\t\t\t\t\t\t\t<ul class=\"ul1\"><li>1996 Reima Teerikangas<\/li><li>1996-2000 Bo Henriksson<\/li><li>2000-2002 Ants Promann<\/li><li>2002-2005 Arttu Laine<\/li><li>2005-2007 Markus Nisula<\/li><li>2007-2011 Pasi Harttunen<\/li><li>2011-2012 Heikki M\u00e4ki<\/li><li>2012-2017 Sami Sepp\u00e4nen<\/li><li>2017-2021 Mika Sucksdorff<\/li><li>2021-2024 Sari Sopanen<\/li><li>2024 Timo Majuri<\/li><li>2024 \u2013 Esko Aura<\/li><\/ul>\t\t\t\t\t\t\t\t<\/div>\n\t\t\t\t<\/div>\n\t\t\t\t<\/div>\n\t\t\t\t\t<\/div>\n\t\t\t\t<\/div>\n\t\t\t\t<\/div>","protected":false},"excerpt":{"rendered":"<p>SOOME-EESTIKAUBANDUSKODA 1992 ESLY asutamine Soome-Eesti Kaubanduskoda ehk FECC kandis kuni 2007 a. kevadeni nime Eesti-Soome \u00c4rijuhtide \u00dching (Eestil\u00e4is-Suomalainen Liikkeenjohdon Yhdistys \u2013 ESLY). ESLY ajalugu ulatub 1992.a. l\u00f5ppu, mil r\u00fchm Eesti taasiseseisvuse alguses siia saabunud Soome ettev\u00f5tjaid ja juhte asutasid\u00a0Reima Teerikangase\u00a0eestvedamisel v\u00e4ikese vestlusringi. 1994 &#8211; 1995 ESLY varajane areng Tasapisi v\u00f5ttis klubiline tegevus kindlamaid jooni: vestlusringides [&hellip;]<\/p>\n","protected":false},"author":3,"featured_media":0,"parent":0,"menu_order":0,"comment_status":"closed","ping_status":"closed","template":"","meta":{"_acf_changed":false,"footnotes":""},"class_list":["post-719","page","type-page","status-publish","hentry"],"acf":[],"yoast_head":"<!-- This site is optimized with the Yoast SEO plugin v27.4 - https:\/\/yoast.com\/product\/yoast-seo-wordpress\/ -->\n<title>Ajalugu | Soome-Eesti Kaubanduskoda<\/title>\n<meta name=\"robots\" content=\"index, follow, max-snippet:-1, max-image-preview:large, max-video-preview:-1\" \/>\n<link rel=\"canonical\" href=\"https:\/\/fecc.ee\/fi\/ajalugu\/\" \/>\n<meta property=\"og:locale\" content=\"fi_FI\" \/>\n<meta property=\"og:type\" content=\"article\" \/>\n<meta property=\"og:title\" content=\"Ajalugu | Soome-Eesti Kaubanduskoda\" \/>\n<meta property=\"og:description\" content=\"SOOME-EESTIKAUBANDUSKODA 1992 ESLY asutamine Soome-Eesti Kaubanduskoda ehk FECC kandis kuni 2007 a. kevadeni nime Eesti-Soome \u00c4rijuhtide \u00dching (Eestil\u00e4is-Suomalainen Liikkeenjohdon Yhdistys \u2013 ESLY). ESLY ajalugu ulatub 1992.a. l\u00f5ppu, mil r\u00fchm Eesti taasiseseisvuse alguses siia saabunud Soome ettev\u00f5tjaid ja juhte asutasid\u00a0Reima Teerikangase\u00a0eestvedamisel v\u00e4ikese vestlusringi. 1994 &#8211; 1995 ESLY varajane areng Tasapisi v\u00f5ttis klubiline tegevus kindlamaid jooni: vestlusringides [&hellip;]\" \/>\n<meta property=\"og:url\" content=\"https:\/\/fecc.ee\/fi\/ajalugu\/\" \/>\n<meta property=\"og:site_name\" content=\"Soome-Eesti Kaubanduskoda\" \/>\n<meta property=\"article:publisher\" content=\"https:\/\/www.facebook.com\/fecc.soomeeesti\/\" \/>\n<meta property=\"article:modified_time\" content=\"2026-04-18T10:19:04+00:00\" \/>\n<meta property=\"og:image\" content=\"https:\/\/fecc.ee\/wp-content\/uploads\/2026\/03\/web22-optimized.jpg\" \/>\n<meta name=\"twitter:card\" content=\"summary_large_image\" \/>\n<meta name=\"twitter:label1\" content=\"Arvioitu lukuaika\" \/>\n\t<meta name=\"twitter:data1\" content=\"3 minuuttia\" \/>\n<script type=\"application\/ld+json\" class=\"yoast-schema-graph\">{\"@context\":\"https:\\\/\\\/schema.org\",\"@graph\":[{\"@type\":\"WebPage\",\"@id\":\"https:\\\/\\\/fecc.ee\\\/ajalugu\\\/\",\"url\":\"https:\\\/\\\/fecc.ee\\\/ajalugu\\\/\",\"name\":\"Ajalugu | Soome-Eesti Kaubanduskoda\",\"isPartOf\":{\"@id\":\"https:\\\/\\\/fecc.ee\\\/#website\"},\"primaryImageOfPage\":{\"@id\":\"https:\\\/\\\/fecc.ee\\\/ajalugu\\\/#primaryimage\"},\"image\":{\"@id\":\"https:\\\/\\\/fecc.ee\\\/ajalugu\\\/#primaryimage\"},\"thumbnailUrl\":\"https:\\\/\\\/fecc.ee\\\/wp-content\\\/uploads\\\/2026\\\/03\\\/web22-optimized.jpg\",\"datePublished\":\"2025-05-20T11:29:01+00:00\",\"dateModified\":\"2026-04-18T10:19:04+00:00\",\"breadcrumb\":{\"@id\":\"https:\\\/\\\/fecc.ee\\\/ajalugu\\\/#breadcrumb\"},\"inLanguage\":\"fi\",\"potentialAction\":[{\"@type\":\"ReadAction\",\"target\":[\"https:\\\/\\\/fecc.ee\\\/ajalugu\\\/\"]}]},{\"@type\":\"ImageObject\",\"inLanguage\":\"fi\",\"@id\":\"https:\\\/\\\/fecc.ee\\\/ajalugu\\\/#primaryimage\",\"url\":\"https:\\\/\\\/fecc.ee\\\/wp-content\\\/uploads\\\/2026\\\/03\\\/web22-optimized.jpg\",\"contentUrl\":\"https:\\\/\\\/fecc.ee\\\/wp-content\\\/uploads\\\/2026\\\/03\\\/web22-optimized.jpg\"},{\"@type\":\"BreadcrumbList\",\"@id\":\"https:\\\/\\\/fecc.ee\\\/ajalugu\\\/#breadcrumb\",\"itemListElement\":[{\"@type\":\"ListItem\",\"position\":1,\"name\":\"Home\",\"item\":\"https:\\\/\\\/fecc.ee\\\/\"},{\"@type\":\"ListItem\",\"position\":2,\"name\":\"Ajalugu\"}]},{\"@type\":\"WebSite\",\"@id\":\"https:\\\/\\\/fecc.ee\\\/#website\",\"url\":\"https:\\\/\\\/fecc.ee\\\/\",\"name\":\"Soome-Eesti Kaubanduskoda\",\"description\":\"Tere tulemast Soome-Eesti kaubanduskoja kodulehek\u00fcljele. Oleme suurim rahvusvaheline kaubanduskoda Eestis.\",\"publisher\":{\"@id\":\"https:\\\/\\\/fecc.ee\\\/#organization\"},\"potentialAction\":[{\"@type\":\"SearchAction\",\"target\":{\"@type\":\"EntryPoint\",\"urlTemplate\":\"https:\\\/\\\/fecc.ee\\\/?s={search_term_string}\"},\"query-input\":{\"@type\":\"PropertyValueSpecification\",\"valueRequired\":true,\"valueName\":\"search_term_string\"}}],\"inLanguage\":\"fi\"},{\"@type\":\"Organization\",\"@id\":\"https:\\\/\\\/fecc.ee\\\/#organization\",\"name\":\"Soome-Eesti Kaubanduskoda\",\"url\":\"https:\\\/\\\/fecc.ee\\\/\",\"logo\":{\"@type\":\"ImageObject\",\"inLanguage\":\"fi\",\"@id\":\"https:\\\/\\\/fecc.ee\\\/#\\\/schema\\\/logo\\\/image\\\/\",\"url\":\"https:\\\/\\\/fecc.ee\\\/wp-content\\\/uploads\\\/2025\\\/06\\\/FECC_Logo-1.png\",\"contentUrl\":\"https:\\\/\\\/fecc.ee\\\/wp-content\\\/uploads\\\/2025\\\/06\\\/FECC_Logo-1.png\",\"width\":944,\"height\":292,\"caption\":\"Soome-Eesti Kaubanduskoda\"},\"image\":{\"@id\":\"https:\\\/\\\/fecc.ee\\\/#\\\/schema\\\/logo\\\/image\\\/\"},\"sameAs\":[\"https:\\\/\\\/www.facebook.com\\\/fecc.soomeeesti\\\/\",\"https:\\\/\\\/www.linkedin.com\\\/company\\\/fecc-finnish-estonian-chamber-of-commerce\\\/\"]}]}<\/script>\n<!-- \/ Yoast SEO plugin. -->","yoast_head_json":{"title":"Ajalugu | Soome-Eesti Kaubanduskoda","robots":{"index":"index","follow":"follow","max-snippet":"max-snippet:-1","max-image-preview":"max-image-preview:large","max-video-preview":"max-video-preview:-1"},"canonical":"https:\/\/fecc.ee\/fi\/ajalugu\/","og_locale":"fi_FI","og_type":"article","og_title":"Ajalugu | Soome-Eesti Kaubanduskoda","og_description":"SOOME-EESTIKAUBANDUSKODA 1992 ESLY asutamine Soome-Eesti Kaubanduskoda ehk FECC kandis kuni 2007 a. kevadeni nime Eesti-Soome \u00c4rijuhtide \u00dching (Eestil\u00e4is-Suomalainen Liikkeenjohdon Yhdistys \u2013 ESLY). ESLY ajalugu ulatub 1992.a. l\u00f5ppu, mil r\u00fchm Eesti taasiseseisvuse alguses siia saabunud Soome ettev\u00f5tjaid ja juhte asutasid\u00a0Reima Teerikangase\u00a0eestvedamisel v\u00e4ikese vestlusringi. 1994 &#8211; 1995 ESLY varajane areng Tasapisi v\u00f5ttis klubiline tegevus kindlamaid jooni: vestlusringides [&hellip;]","og_url":"https:\/\/fecc.ee\/fi\/ajalugu\/","og_site_name":"Soome-Eesti Kaubanduskoda","article_publisher":"https:\/\/www.facebook.com\/fecc.soomeeesti\/","article_modified_time":"2026-04-18T10:19:04+00:00","og_image":[{"url":"https:\/\/fecc.ee\/wp-content\/uploads\/2026\/03\/web22-optimized.jpg","type":"","width":"","height":""}],"twitter_card":"summary_large_image","twitter_misc":{"Arvioitu lukuaika":"3 minuuttia"},"schema":{"@context":"https:\/\/schema.org","@graph":[{"@type":"WebPage","@id":"https:\/\/fecc.ee\/ajalugu\/","url":"https:\/\/fecc.ee\/ajalugu\/","name":"Ajalugu | Soome-Eesti Kaubanduskoda","isPartOf":{"@id":"https:\/\/fecc.ee\/#website"},"primaryImageOfPage":{"@id":"https:\/\/fecc.ee\/ajalugu\/#primaryimage"},"image":{"@id":"https:\/\/fecc.ee\/ajalugu\/#primaryimage"},"thumbnailUrl":"https:\/\/fecc.ee\/wp-content\/uploads\/2026\/03\/web22-optimized.jpg","datePublished":"2025-05-20T11:29:01+00:00","dateModified":"2026-04-18T10:19:04+00:00","breadcrumb":{"@id":"https:\/\/fecc.ee\/ajalugu\/#breadcrumb"},"inLanguage":"fi","potentialAction":[{"@type":"ReadAction","target":["https:\/\/fecc.ee\/ajalugu\/"]}]},{"@type":"ImageObject","inLanguage":"fi","@id":"https:\/\/fecc.ee\/ajalugu\/#primaryimage","url":"https:\/\/fecc.ee\/wp-content\/uploads\/2026\/03\/web22-optimized.jpg","contentUrl":"https:\/\/fecc.ee\/wp-content\/uploads\/2026\/03\/web22-optimized.jpg"},{"@type":"BreadcrumbList","@id":"https:\/\/fecc.ee\/ajalugu\/#breadcrumb","itemListElement":[{"@type":"ListItem","position":1,"name":"Home","item":"https:\/\/fecc.ee\/"},{"@type":"ListItem","position":2,"name":"Ajalugu"}]},{"@type":"WebSite","@id":"https:\/\/fecc.ee\/#website","url":"https:\/\/fecc.ee\/","name":"Suomalais-Virolainen Kauppakamari","description":"Tere tulemast Soome-Eesti kaubanduskoja kodulehek\u00fcljele. Oleme suurim rahvusvaheline kaubanduskoda Eestis.","publisher":{"@id":"https:\/\/fecc.ee\/#organization"},"potentialAction":[{"@type":"SearchAction","target":{"@type":"EntryPoint","urlTemplate":"https:\/\/fecc.ee\/?s={search_term_string}"},"query-input":{"@type":"PropertyValueSpecification","valueRequired":true,"valueName":"search_term_string"}}],"inLanguage":"fi"},{"@type":"Organization","@id":"https:\/\/fecc.ee\/#organization","name":"Suomalais-Virolainen Kauppakamari","url":"https:\/\/fecc.ee\/","logo":{"@type":"ImageObject","inLanguage":"fi","@id":"https:\/\/fecc.ee\/#\/schema\/logo\/image\/","url":"https:\/\/fecc.ee\/wp-content\/uploads\/2025\/06\/FECC_Logo-1.png","contentUrl":"https:\/\/fecc.ee\/wp-content\/uploads\/2025\/06\/FECC_Logo-1.png","width":944,"height":292,"caption":"Soome-Eesti Kaubanduskoda"},"image":{"@id":"https:\/\/fecc.ee\/#\/schema\/logo\/image\/"},"sameAs":["https:\/\/www.facebook.com\/fecc.soomeeesti\/","https:\/\/www.linkedin.com\/company\/fecc-finnish-estonian-chamber-of-commerce\/"]}]}},"_links":{"self":[{"href":"https:\/\/fecc.ee\/fi\/wp-json\/wp\/v2\/pages\/719","targetHints":{"allow":["GET"]}}],"collection":[{"href":"https:\/\/fecc.ee\/fi\/wp-json\/wp\/v2\/pages"}],"about":[{"href":"https:\/\/fecc.ee\/fi\/wp-json\/wp\/v2\/types\/page"}],"author":[{"embeddable":true,"href":"https:\/\/fecc.ee\/fi\/wp-json\/wp\/v2\/users\/3"}],"replies":[{"embeddable":true,"href":"https:\/\/fecc.ee\/fi\/wp-json\/wp\/v2\/comments?post=719"}],"version-history":[{"count":48,"href":"https:\/\/fecc.ee\/fi\/wp-json\/wp\/v2\/pages\/719\/revisions"}],"predecessor-version":[{"id":26681,"href":"https:\/\/fecc.ee\/fi\/wp-json\/wp\/v2\/pages\/719\/revisions\/26681"}],"wp:attachment":[{"href":"https:\/\/fecc.ee\/fi\/wp-json\/wp\/v2\/media?parent=719"}],"curies":[{"name":"wp","href":"https:\/\/api.w.org\/{rel}","templated":true}]}}